{"id":8975,"date":"2022-12-15T16:13:00","date_gmt":"2022-12-15T15:13:00","guid":{"rendered":"https:\/\/elarfero.be\/vivienda\/"},"modified":"2024-02-06T16:22:22","modified_gmt":"2024-02-06T15:22:22","slug":"vivienda","status":"publish","type":"page","link":"https:\/\/elarfero.be\/es\/vivienda\/","title":{"rendered":"Propiedades"},"content":{"rendered":"\t\t<div data-elementor-type=\"wp-page\" data-elementor-id=\"8975\" class=\"elementor elementor-8975 elementor-474\" data-elementor-post-type=\"page\">\n\t\t\t\t\t\t<section class=\"elementor-section elementor-top-section elementor-element elementor-element-e357da8 elementor-section-boxed elementor-section-height-default elementor-section-height-default\" data-id=\"e357da8\" data-element_type=\"section\" data-settings=\"{&quot;jet_parallax_layout_list&quot;:[]}\">\n\t\t\t\t\t\t<div class=\"elementor-container elementor-column-gap-default\">\n\t\t\t\t\t<div class=\"elementor-column elementor-col-100 elementor-top-column elementor-element elementor-element-348343c\" data-id=\"348343c\" data-element_type=\"column\" data-settings=\"{&quot;background_background&quot;:&quot;classic&quot;}\">\n\t\t\t<div class=\"elementor-widget-wrap elementor-element-populated\">\n\t\t\t\t\t\t<div class=\"elementor-element elementor-element-df568a1 prue elementor-widget elementor-widget-heading\" data-id=\"df568a1\" data-element_type=\"widget\" data-widget_type=\"heading.default\">\n\t\t\t\t<div class=\"elementor-widget-container\">\n\t\t\t\t\t<h1 class=\"elementor-heading-title elementor-size-default\">Propiedades<\/h1>\t\t\t\t<\/div>\n\t\t\t\t<\/div>\n\t\t\t\t<div class=\"elementor-element elementor-element-064e83d formulario elementor-widget elementor-widget-shortcode\" data-id=\"064e83d\" data-element_type=\"widget\" data-widget_type=\"shortcode.default\">\n\t\t\t\t<div class=\"elementor-widget-container\">\n\t\t\t\t\t\t\t<div class=\"elementor-shortcode\"><form name=\"alpha_search\" id=\"alpha_search\" class=\"alpha-search six\" action=\"\/es\/resultados-de-busqueda\" method=\"get\" autocomplete=\"off\">\n<select name=\"class\" id=\"class\" class=\"\"><option value=\"sls\" selected='selected'>Ventas<\/option><option value=\"ltr\" >Alquileres de Larga Temporada<\/option><\/select>\n<select name=\"sale\" id=\"sale\" class=\"\"><option value=\"0\" >Todas las Ventas<\/option><option value=\"1\" >Reventas<\/option><option value=\"2\" >Nuevas Promociones<\/option><option value=\"3\" >Reposesiones bancarias<\/option><\/select>\n\n<span id=\"span_loc_country\"><select name=\"loc_country\" id=\"loc_country\" class=\"sls\" ><option value=\"\">Seleccionar Pa\u00eds<\/option><option value=\"3_spain\" selected=\"selected\" >Espa\u00f1a<\/option><\/select><\/span>\n<span id=\"span_loc_province\"><select name=\"loc_province\" id=\"loc_province\" class=\"sls\" ><option value=\"\">Seleccionar Regi\u00f3n<\/option><option value=\"2393_albacete\">Albacete<\/option><option value=\"1268_alicante\">Alicante<\/option><option value=\"1246_almeria\">Almeria<\/option><option value=\"4_cadiz\">Cadiz<\/option><option value=\"2959_castellon\">Castellon<\/option><option value=\"1017_granada\">Granada<\/option><option value=\"1367_islas-baleares\">Islas Baleares<\/option><option value=\"27_malaga\">Malaga<\/option><option value=\"6959_mallorca\">Mallorca<\/option><option value=\"1603_murcia\">Murcia<\/option><option value=\"2774_valencia\">Valencia<\/option><\/select><\/span>\n<span id=\"span_loc_town\"><select name=\"loc_town[]\" id=\"loc_town\" class=\"isTown sls\" multiple=\"multiple\"><option value=\"\">Sin Preferencia<\/option><\/select><\/span>\n<span id=\"span_type\"><select name=\"type[]\" id=\"type\" class=\"isType sls\" multiple><option value=\"289_apartment\">Apartamento<\/option><option value=\"446_apartment-duplex\">Apartamento d\u00faplex<\/option><option value=\"1094_building-plot\">Parcela urbanizable<\/option><option value=\"294_bungalow\">Bungalow<\/option><option value=\"938_cave-house\">Casa cueva<\/option><option value=\"296_chalet\">Chal\u00e9<\/option><option value=\"297_commercial\">Comercial<\/option><option value=\"299_country-house\">Casa de campo<\/option><option value=\"956_country-property\">Propiedad rural<\/option><option value=\"936_detached-villa\">Villa independiente<\/option><option value=\"300_duplex\">D\u00faplex<\/option><option value=\"291_duplex-penthouse\">\u00c1tico d\u00faplex<\/option><option value=\"303_finca\">Finca<\/option><option value=\"304_garage\">Garaje<\/option><option value=\"305_garden-apartment\">Apartamento con jard\u00edn<\/option><option value=\"306_hotel\">Hotel<\/option><option value=\"475_house\">Casa<\/option><option value=\"308_land\">Terreno<\/option><option value=\"1099_off-plan-new-build-villa\">Off Plan\/New Build Villa<\/option><option value=\"1086_other\">Otro<\/option><option value=\"290_penthouse\">\u00c1tico<\/option><option value=\"316_plot\">Parcela<\/option><option value=\"939_quad-house\">Casa adosada (cuando hay cuatro)<\/option><option value=\"1092_restoration-project\">Restoration Project<\/option><option value=\"320_semi-detached\">Semipareado<\/option><option value=\"322_studio\">Estudio<\/option><option value=\"323_studio-apartment\">Apartamento tipo estudio<\/option><option value=\"960_terraced-house\">Casa adosada<\/option><option value=\"324_townhouse\">Casa pareada<\/option><option value=\"1089_urban-building-plot\">Urban building plot<\/option><option value=\"326_villa\">Villa<\/option><option value=\"948_village-house\">Casa de pueblo<\/option><\/select><\/span>\n<select name=\"beds\" id=\"beds\" class=\"\"><option value=\"0\" >Dormitorios Min<\/option><option value=\"1\" >1 Dormitorio<\/option><option value=\"2\" >2 Dormitorios<\/option><option value=\"3\" >3 Dormitorios<\/option><option value=\"4\" >4 Dormitorios<\/option><option value=\"5\" >5 Dormitorios<\/option><option value=\"6\" >6 Dormitorios<\/option><\/select>\n<select name=\"min\" id=\"min\" class=\"\"><option value=\"0\" selected='selected'>Precio m\u00ednimo<\/option><option value=\"25000\" >25,000<\/option><option value=\"50000\" >50,000<\/option><option value=\"75000\" >75,000<\/option><option value=\"100000\" >100,000<\/option><option value=\"125000\" >125,000<\/option><option value=\"150000\" >150,000<\/option><option value=\"200000\" >200,000<\/option><option value=\"250000\" >250,000<\/option><option value=\"300000\" >300,000<\/option><option value=\"350000\" >350,000<\/option><option value=\"400000\" >400,000<\/option><option value=\"450000\" >450,000<\/option><option value=\"500000\" >500,000<\/option><option value=\"600000\" >600,000<\/option><option value=\"700000\" >700,000<\/option><option value=\"800000\" >800,000<\/option><option value=\"900000\" >900,000<\/option><option value=\"1000000\" >1,000,000<\/option><option value=\"1250000\" >1,250,000<\/option><option value=\"1500000\" >1,500,000<\/option><option value=\"1750000\" >1,750,000<\/option><option value=\"2000000\" >2,000,000<\/option><option value=\"3000000\" >3,000,000<\/option><option value=\"4000000\" >4,000,000<\/option><option value=\"5000000\" >5,000,000<\/option><option value=\"6000000\" >6,000,000<\/option><option value=\"7000000\" >7,000,000<\/option><option value=\"8000000\" >8,000,000<\/option><option value=\"9000000\" >9,000,000<\/option><option value=\"10000000\" >10,000,000<\/option><option value=\"20000000\" >20,000,000<\/option><option value=\"30000000\" >30,000,000<\/option><option value=\"40000000\" >40,000,000<\/option><option value=\"50000000\" >50,000,000<\/option><option value=\"60000000\" >60,000,000<\/option><option value=\"70000000\" >70,000,000<\/option><option value=\"80000000\" >80,000,000<\/option><option value=\"90000000\" >90,000,000<\/option><option value=\"100000000\" >100,000,000<\/option><\/select>\n<select name=\"max\" id=\"max\" class=\"\"><option value=\"0\" selected='selected'>Precio m\u00e1ximo<\/option><option value=\"25000\" >25,000<\/option><option value=\"50000\" >50,000<\/option><option value=\"75000\" >75,000<\/option><option value=\"100000\" >100,000<\/option><option value=\"125000\" >125,000<\/option><option value=\"150000\" >150,000<\/option><option value=\"200000\" >200,000<\/option><option value=\"250000\" >250,000<\/option><option value=\"300000\" >300,000<\/option><option value=\"350000\" >350,000<\/option><option value=\"400000\" >400,000<\/option><option value=\"450000\" >450,000<\/option><option value=\"500000\" >500,000<\/option><option value=\"600000\" >600,000<\/option><option value=\"700000\" >700,000<\/option><option value=\"800000\" >800,000<\/option><option value=\"900000\" >900,000<\/option><option value=\"1000000\" >1,000,000<\/option><option value=\"1250000\" >1,250,000<\/option><option value=\"1500000\" >1,500,000<\/option><option value=\"1750000\" >1,750,000<\/option><option value=\"2000000\" >2,000,000<\/option><option value=\"3000000\" >3,000,000<\/option><option value=\"4000000\" >4,000,000<\/option><option value=\"5000000\" >5,000,000<\/option><option value=\"6000000\" >6,000,000<\/option><option value=\"7000000\" >7,000,000<\/option><option value=\"8000000\" >8,000,000<\/option><option value=\"9000000\" >9,000,000<\/option><option value=\"10000000\" >10,000,000<\/option><option value=\"20000000\" >20,000,000<\/option><option value=\"30000000\" >30,000,000<\/option><option value=\"40000000\" >40,000,000<\/option><option value=\"50000000\" >50,000,000<\/option><option value=\"60000000\" >60,000,000<\/option><option value=\"70000000\" >70,000,000<\/option><option value=\"80000000\" >80,000,000<\/option><option value=\"90000000\" >90,000,000<\/option><option value=\"100000000\" >100,000,000<\/option><\/select>\n<select multiple=\"multiple\"  name=\"feature[]\" id=\"feature\" class=\"\"><option value=\"28_id\">Acceso a la playa<\/option><option value=\"31_id\">Aire acondicionado caliente \/ fr\u00edo<\/option><option value=\"30_id\">Aire acondicionado<\/option><option value=\"12645_id\">Air conditioning pre-installation<\/option><option value=\"12644_id\">Airconditioning<\/option><option value=\"991_id\">Aeropuerto 15 mins<\/option><option value=\"992_id\">Aeropuerto 30 mins<\/option><option value=\"993_id\">Aeropuerto 45 mins<\/option><option value=\"12661_id\">Attic<\/option><option value=\"12663_id\">Automatic gate<\/option><option value=\"12654_id\">Awnings<\/option><option value=\"12614_id\">Balcony<\/option><option value=\"12666_id\">Barbecue<\/option><option value=\"12641_id\">Bathroom floor heating<\/option><option value=\"983_id\">la playah 1 Km<\/option><option value=\"985_id\">la playa 2 km<\/option><option value=\"984_id\">la playa 500m<\/option><option value=\"12646_id\">Breakfast bar<\/option><option value=\"12647_id\">Built in wardrobes<\/option><option value=\"12589_id\">Burglar Alarm<\/option><option value=\"12579_id\">Cable Internet<\/option><option value=\"12580_id\">Cable TV<\/option><option value=\"12628_id\">Cobertizo para auto<\/option><option value=\"12578_id\">Central Air Conditioning<\/option><option value=\"12638_id\">Central heating gas<\/option><option value=\"12639_id\">Central heating oil<\/option><option value=\"12664_id\">Ceramic cooker<\/option><option value=\"12618_id\">Children's playground<\/option><option value=\"12435_id\">Close to Completion<\/option><option value=\"53_id\">Piscina comunitaria<\/option><option value=\"12582_id\">Community Swimming Pool<\/option><option value=\"12590_id\">Covered Patio<\/option><option value=\"12587_id\">Lavavajillas<\/option><option value=\"421_id\">Facilidades para alquilar<\/option><option value=\"12636_id\">Electric heating<\/option><option value=\"12615_id\">Ascensor<\/option><option value=\"12651_id\">Entrance video control<\/option><option value=\"12649_id\">Equipped kitchen<\/option><option value=\"12591_id\">Exterior Lighting<\/option><option value=\"12597_id\">Extra wide doors<\/option><option value=\"12592_id\">Fence<\/option><option value=\"12616_id\">Fiber Internet<\/option><option value=\"12593_id\">Fireplace Gas<\/option><option value=\"12622_id\">Fireplace Wood<\/option><option value=\"12640_id\">Floor heating<\/option><option value=\"12609_id\">Football ground<\/option><option value=\"1055_id\">Propiedad fraccionada<\/option><option value=\"12581_id\">Freezer<\/option><option value=\"12584_id\">\u00c1rboles frutales<\/option><option value=\"12665_id\">Fully furnished<\/option><option value=\"12594_id\">Garaje<\/option><option value=\"12633_id\">Garden furniture<\/option><option value=\"12632_id\">Garden lights<\/option><option value=\"12631_id\">Cobertizo de jard\u00edn<\/option><option value=\"12604_id\">Gas Cooker<\/option><option value=\"12595_id\">Gas Stove<\/option><option value=\"12656_id\">Gated community<\/option><option value=\"12596_id\">Mirador<\/option><option value=\"988_id\">Golf 1Km<\/option><option value=\"989_id\">Golf 2 Km<\/option><option value=\"990_id\">Golf 5 Km<\/option><option value=\"12619_id\">Gimnasio<\/option><option value=\"12601_id\">Heatpump<\/option><option value=\"12623_id\">Hot Water Electric<\/option><option value=\"12577_id\">Hot Water Gas<\/option><option value=\"12657_id\">Indoor swimming pool<\/option><option value=\"12637_id\">Infrared heating<\/option><option value=\"12627_id\">Irrigation system<\/option><option value=\"12598_id\">Jacuzzi Tub<\/option><option value=\"11319_id\">Key Ready<\/option><option value=\"12588_id\">Landscaping<\/option><option value=\"12660_id\">Laundry room<\/option><option value=\"12599_id\">Lawn<\/option><option value=\"12650_id\">Marble countertop<\/option><option value=\"12583_id\">Microondas<\/option><option value=\"15416_id\">Mortgage Available<\/option><option value=\"12434_id\">Off Plan<\/option><option value=\"12648_id\">Open kitchen<\/option><option value=\"12629_id\">Outdoor kitchen<\/option><option value=\"12634_id\">Outdoor shower<\/option><option value=\"12602_id\">Oven<\/option><option value=\"12659_id\">Depensa<\/option><option value=\"15415_id\">Payment Plan Available<\/option><option value=\"12600_id\">Pellet Stove<\/option><option value=\"411_id\">Piscina privada<\/option><option value=\"12630_id\">Private swimming pool<\/option><option value=\"12603_id\">Refrigerator<\/option><option value=\"12626_id\">Reinforced door<\/option><option value=\"12658_id\">Roof solarium<\/option><option value=\"12605_id\">Satellite Dish<\/option><option value=\"12625_id\">Security Bars<\/option><option value=\"12635_id\">Security Cameras<\/option><option value=\"12585_id\">Skylights<\/option><option value=\"12624_id\">Detector de humo<\/option><option value=\"12642_id\">Solar hot water<\/option><option value=\"12643_id\">Solar power<\/option><option value=\"12620_id\">Spa<\/option><option value=\"12606_id\">Spa\/Hot Tub<\/option><option value=\"12607_id\">Sprinkler System<\/option><option value=\"7588_id\">Stables<\/option><option value=\"12608_id\">Cancha de tenis<\/option><option value=\"12613_id\">Terraza<\/option><option value=\"12617_id\">Terraza<\/option><option value=\"12653_id\">Tiled floors<\/option><option value=\"12655_id\">Tiled garden<\/option><option value=\"12621_id\">Tumble Dryer<\/option><option value=\"12433_id\">En construcci\u00f3n<\/option><option value=\"12662_id\">Bajo construyen<\/option><option value=\"15418_id\">VAT Due<\/option><option value=\"15417_id\">VAT Paid<\/option><option value=\"1041_id\">Cerca de playa<\/option><option value=\"12586_id\">Lavadora<\/option><option value=\"12610_id\">Water Softener<\/option><option value=\"12611_id\">Wheelchair Ramp<\/option><option value=\"12612_id\">Wood Stove<\/option><option value=\"12652_id\">Wooden floors<\/option><\/select>\n<input type=\"text\" placeholder=\"Referencia\" name=\"ref\" id=\"ref\" value=\"\" class=\"\"\/>\n<div class=\"form-spacer\"><\/div>\n<input type=\"hidden\" name=\"search\" value=\"Buscar\"\/>\n                       <input type=\"submit\" name=\"submit\" id=\"search\" value=\"submit\" class=\"\"\/>\n<\/form> \n\n\n<button class = \"avanzada\" id= \"avanzada\" onclick =\"window.location.href='https:\/\/elarfero.be\/es\/busqueda-avanzada\/';\" type=\"button\" >B\u00daSQUEDA AVANZADA\n<\/button>\n\n<\/div>\n\t\t\t\t\t\t<\/div>\n\t\t\t\t<\/div>\n\t\t\t\t\t<\/div>\n\t\t<\/div>\n\t\t\t\t\t<\/div>\n\t\t<\/section>\n\t\t\t\t<section class=\"elementor-section elementor-top-section elementor-element elementor-element-7c172cf elementor-section-boxed elementor-section-height-default elementor-section-height-default\" data-id=\"7c172cf\" data-element_type=\"section\" data-settings=\"{&quot;jet_parallax_layout_list&quot;:[]}\">\n\t\t\t\t\t\t<div class=\"elementor-container elementor-column-gap-default\">\n\t\t\t\t\t<div class=\"elementor-column elementor-col-100 elementor-top-column elementor-element elementor-element-5a34e04\" data-id=\"5a34e04\" data-element_type=\"column\">\n\t\t\t<div class=\"elementor-widget-wrap elementor-element-populated\">\n\t\t\t\t\t\t<div class=\"elementor-element elementor-element-5ef332f elementor-widget elementor-widget-shortcode\" data-id=\"5ef332f\" data-element_type=\"widget\" data-widget_type=\"shortcode.default\">\n\t\t\t\t<div class=\"elementor-widget-container\">\n\t\t\t\t\t\t\t<div class=\"elementor-shortcode\"><!-- Alphashare template default_property_featured6_short -->\n   <div class=\"three-columns\">\n\t\t\n\t\t\t<div class=\"columns shadow alpha-results\">\n\t\t\t\t<div class=\"alpha-flash\"> \n\t\t\t\t\t<span class=\"new_build \">NUEVA CONSTRUCCI\u00d3N<\/span>\n\t\t\t\t\t\n\t\t\t\t\t \n\t\t\t\t<\/div>\n\t\t\t\t<div>\n\t\t\t\t\t<a href=\"https:\/\/elarfero.be\/es\/woning\/1473703_apartamento-mijas\" class=\"alpha-thumb-link alpha-hover-link\" target=\"\">\n\t\t\t\t\t<span class=\" thumbnail\"><img decoding=\"async\" src=\"https:\/\/fotos15.apinmo.com\/7515\/26324213\/6-1.jpg\" class=\"thumbnail\" style=\"\" alt=\"\" title=\"\"><\/span>\n\t\t\t\t\t<\/a>\n\t\t\t\t<\/div>\n\t\t\t\t<div class=\"result-details align-center\">\n\t\t\t\t\t<h3><span class=\"town focusicons-colour\">Mijas<\/span><br><span class=\"type focusicons-colour\">Apartamento<\/span><\/h3>\n\t\t\t\t\t<p>Ref: <span class=\"reference \">SPN9127<\/span><\/p>\n\t\t\t\t\t<h3><span class=\"price focusicons-colour\">414.000\u20ac<\/span><\/h3>\n\t\t\t\t\t\t<div class=\"alpha-icons black-text border-top border-bottom align-center\">\t\t\t\t\t\t\t\n\t\t\t\t\t\t\t<span class=\"bedrooms \">2<\/span>\n\t\t\t\t\t\t\t<span class=\"bathrooms \">2<\/span>\n\t\t\t\t\t\t\t\n\t\t\t\t\t\t\t<span class=\"build_area \">76m&sup2;<\/span>\t\t\t\t\t\t \n\t\t\t\t\t\t<\/div>\n\t\t\t\t<\/div>\t\t\t\t\n\t\t\t\t<div class=\"results-buttons align-center\">\n\t\t\t\t\t<a href=\"https:\/\/elarfero.be\/es\/woning\/1473703_apartamento-mijas\" class=\"button read_more\" target=\"\">Leer m\u00e1s\u2026<\/a>\n\t\t\t\t<\/div>\n\t\t\t<\/div>\n\t\t\n\t\t\t<div class=\"columns shadow alpha-results\">\n\t\t\t\t<div class=\"alpha-flash\"> \n\t\t\t\t\t<span class=\"new_build \">NUEVA CONSTRUCCI\u00d3N<\/span>\n\t\t\t\t\t\n\t\t\t\t\t \n\t\t\t\t<\/div>\n\t\t\t\t<div>\n\t\t\t\t\t<a href=\"https:\/\/elarfero.be\/es\/woning\/1532231_apartamento-los-alcazares\" class=\"alpha-thumb-link alpha-hover-link\" target=\"\">\n\t\t\t\t\t<span class=\" thumbnail\"><img decoding=\"async\" src=\"https:\/\/fotos15.apinmo.com\/7515\/28619669\/6-1.jpg\" class=\"thumbnail\" style=\"\" alt=\"\" title=\"\"><\/span>\n\t\t\t\t\t<\/a>\n\t\t\t\t<\/div>\n\t\t\t\t<div class=\"result-details align-center\">\n\t\t\t\t\t<h3><span class=\"town focusicons-colour\">Los Alcazares<\/span><br><span class=\"type focusicons-colour\">Apartamento<\/span><\/h3>\n\t\t\t\t\t<p>Ref: <span class=\"reference \">SP1N9670<\/span><\/p>\n\t\t\t\t\t<h3><span class=\"price focusicons-colour\">299.000\u20ac<\/span><\/h3>\n\t\t\t\t\t\t<div class=\"alpha-icons black-text border-top border-bottom align-center\">\t\t\t\t\t\t\t\n\t\t\t\t\t\t\t<span class=\"bedrooms \">2<\/span>\n\t\t\t\t\t\t\t<span class=\"bathrooms \">2<\/span>\n\t\t\t\t\t\t\t\n\t\t\t\t\t\t\t<span class=\"build_area \">84m&sup2;<\/span>\t\t\t\t\t\t \n\t\t\t\t\t\t<\/div>\n\t\t\t\t<\/div>\t\t\t\t\n\t\t\t\t<div class=\"results-buttons align-center\">\n\t\t\t\t\t<a href=\"https:\/\/elarfero.be\/es\/woning\/1532231_apartamento-los-alcazares\" class=\"button read_more\" target=\"\">Leer m\u00e1s\u2026<\/a>\n\t\t\t\t<\/div>\n\t\t\t<\/div>\n\t\t\n\t\t\t<div class=\"columns shadow alpha-results\">\n\t\t\t\t<div class=\"alpha-flash\"> \n\t\t\t\t\t<span class=\"new_build \">NUEVA CONSTRUCCI\u00d3N<\/span>\n\t\t\t\t\t\n\t\t\t\t\t \n\t\t\t\t<\/div>\n\t\t\t\t<div>\n\t\t\t\t\t<a href=\"https:\/\/elarfero.be\/es\/woning\/1485562_apartamento-san-roque\" class=\"alpha-thumb-link alpha-hover-link\" target=\"\">\n\t\t\t\t\t<span class=\" thumbnail\"><img decoding=\"async\" src=\"https:\/\/fotos15.apinmo.com\/7515\/26974271\/6-1.jpg\" class=\"thumbnail\" style=\"\" alt=\"\" title=\"\"><\/span>\n\t\t\t\t\t<\/a>\n\t\t\t\t<\/div>\n\t\t\t\t<div class=\"result-details align-center\">\n\t\t\t\t\t<h3><span class=\"town focusicons-colour\">San Roque<\/span><br><span class=\"type focusicons-colour\">Apartamento<\/span><\/h3>\n\t\t\t\t\t<p>Ref: <span class=\"reference \">SPN9298<\/span><\/p>\n\t\t\t\t\t<h3><span class=\"price focusicons-colour\">452.000\u20ac<\/span><\/h3>\n\t\t\t\t\t\t<div class=\"alpha-icons black-text border-top border-bottom align-center\">\t\t\t\t\t\t\t\n\t\t\t\t\t\t\t<span class=\"bedrooms \">2<\/span>\n\t\t\t\t\t\t\t<span class=\"bathrooms \">2<\/span>\n\t\t\t\t\t\t\t\n\t\t\t\t\t\t\t<span class=\"build_area \">116m&sup2;<\/span>\t\t\t\t\t\t \n\t\t\t\t\t\t<\/div>\n\t\t\t\t<\/div>\t\t\t\t\n\t\t\t\t<div class=\"results-buttons align-center\">\n\t\t\t\t\t<a href=\"https:\/\/elarfero.be\/es\/woning\/1485562_apartamento-san-roque\" class=\"button read_more\" target=\"\">Leer m\u00e1s\u2026<\/a>\n\t\t\t\t<\/div>\n\t\t\t<\/div>\n\t\t\n\t\t\t<div class=\"columns shadow alpha-results\">\n\t\t\t\t<div class=\"alpha-flash\"> \n\t\t\t\t\t<span class=\"new_build \">NUEVA CONSTRUCCI\u00d3N<\/span>\n\t\t\t\t\t\n\t\t\t\t\t \n\t\t\t\t<\/div>\n\t\t\t\t<div>\n\t\t\t\t\t<a href=\"https:\/\/elarfero.be\/es\/woning\/1500615_penthouse-pilar-de-la-horadada\" class=\"alpha-thumb-link alpha-hover-link\" target=\"\">\n\t\t\t\t\t<span class=\" thumbnail\"><img decoding=\"async\" src=\"https:\/\/fotos15.apinmo.com\/7515\/23925511\/25-1.jpg\" class=\"thumbnail\" style=\"\" alt=\"\" title=\"\"><\/span>\n\t\t\t\t\t<\/a>\n\t\t\t\t<\/div>\n\t\t\t\t<div class=\"result-details align-center\">\n\t\t\t\t\t<h3><span class=\"town focusicons-colour\">Pilar de la Horadada<\/span><br><span class=\"type focusicons-colour\">Penthouse<\/span><\/h3>\n\t\t\t\t\t<p>Ref: <span class=\"reference \">SP1N8706<\/span><\/p>\n\t\t\t\t\t<h3><span class=\"price focusicons-colour\">354.900\u20ac<\/span><\/h3>\n\t\t\t\t\t\t<div class=\"alpha-icons black-text border-top border-bottom align-center\">\t\t\t\t\t\t\t\n\t\t\t\t\t\t\t<span class=\"bedrooms \">3<\/span>\n\t\t\t\t\t\t\t<span class=\"bathrooms \">2<\/span>\n\t\t\t\t\t\t\t\n\t\t\t\t\t\t\t<span class=\"build_area \">76m&sup2;<\/span>\t\t\t\t\t\t \n\t\t\t\t\t\t<\/div>\n\t\t\t\t<\/div>\t\t\t\t\n\t\t\t\t<div class=\"results-buttons align-center\">\n\t\t\t\t\t<a href=\"https:\/\/elarfero.be\/es\/woning\/1500615_penthouse-pilar-de-la-horadada\" class=\"button read_more\" target=\"\">Leer m\u00e1s\u2026<\/a>\n\t\t\t\t<\/div>\n\t\t\t<\/div>\n\t\t\n\t\t\t<div class=\"columns shadow alpha-results\">\n\t\t\t\t<div class=\"alpha-flash\"> \n\t\t\t\t\t\n\t\t\t\t\t\n\t\t\t\t\t \n\t\t\t\t<\/div>\n\t\t\t\t<div>\n\t\t\t\t\t<a href=\"https:\/\/elarfero.be\/es\/woning\/1511334_villa-villamartin\" class=\"alpha-thumb-link alpha-hover-link\" target=\"\">\n\t\t\t\t\t<span class=\" thumbnail\"><img decoding=\"async\" src=\"https:\/\/casa-solyanza.com\/media\/images\/properties\/o_1jg27o34m1ook18ln1mljg1a1iqo3j.jpg\" class=\"thumbnail\" style=\"\" alt=\"\" title=\"\"><\/span>\n\t\t\t\t\t<\/a>\n\t\t\t\t<\/div>\n\t\t\t\t<div class=\"result-details align-center\">\n\t\t\t\t\t<h3><span class=\"town focusicons-colour\">Villamartin<\/span><br><span class=\"type focusicons-colour\">Villa<\/span><\/h3>\n\t\t\t\t\t<p>Ref: <span class=\"reference \">MSLCMLSC8001862<\/span><\/p>\n\t\t\t\t\t<h3><span class=\"price focusicons-colour\">400.000\u20ac<\/span><\/h3>\n\t\t\t\t\t\t<div class=\"alpha-icons black-text border-top border-bottom align-center\">\t\t\t\t\t\t\t\n\t\t\t\t\t\t\t<span class=\"bedrooms \">3<\/span>\n\t\t\t\t\t\t\t<span class=\"bathrooms \">2<\/span>\n\t\t\t\t\t\t\t<span class=\"plot_area \">200m&sup2;<br><\/span>\n\t\t\t\t\t\t\t<span class=\"build_area \">89m&sup2;<\/span>\t\t\t\t\t\t \n\t\t\t\t\t\t<\/div>\n\t\t\t\t<\/div>\t\t\t\t\n\t\t\t\t<div class=\"results-buttons align-center\">\n\t\t\t\t\t<a href=\"https:\/\/elarfero.be\/es\/woning\/1511334_villa-villamartin\" class=\"button read_more\" target=\"\">Leer m\u00e1s\u2026<\/a>\n\t\t\t\t<\/div>\n\t\t\t<\/div>\n\t\t\n\t\t\t<div class=\"columns shadow alpha-results\">\n\t\t\t\t<div class=\"alpha-flash\"> \n\t\t\t\t\t<span class=\"new_build \">NUEVA CONSTRUCCI\u00d3N<\/span>\n\t\t\t\t\t\n\t\t\t\t\t \n\t\t\t\t<\/div>\n\t\t\t\t<div>\n\t\t\t\t\t<a href=\"https:\/\/elarfero.be\/es\/woning\/1501175_bungalow-ciudad-quesada\" class=\"alpha-thumb-link alpha-hover-link\" target=\"\">\n\t\t\t\t\t<span class=\" thumbnail\"><img decoding=\"async\" src=\"https:\/\/fotos15.apinmo.com\/7515\/24170169\/12-1.jpg\" class=\"thumbnail\" style=\"\" alt=\"\" title=\"\"><\/span>\n\t\t\t\t\t<\/a>\n\t\t\t\t<\/div>\n\t\t\t\t<div class=\"result-details align-center\">\n\t\t\t\t\t<h3><span class=\"town focusicons-colour\">Ciudad Quesada<\/span><br><span class=\"type focusicons-colour\">Bungalow<\/span><\/h3>\n\t\t\t\t\t<p>Ref: <span class=\"reference \">SP1N8784<\/span><\/p>\n\t\t\t\t\t<h3><span class=\"price focusicons-colour\">324.000\u20ac<\/span><\/h3>\n\t\t\t\t\t\t<div class=\"alpha-icons black-text border-top border-bottom align-center\">\t\t\t\t\t\t\t\n\t\t\t\t\t\t\t<span class=\"bedrooms \">2<\/span>\n\t\t\t\t\t\t\t<span class=\"bathrooms \">2<\/span>\n\t\t\t\t\t\t\t\n\t\t\t\t\t\t\t<span class=\"build_area \">73m&sup2;<\/span>\t\t\t\t\t\t \n\t\t\t\t\t\t<\/div>\n\t\t\t\t<\/div>\t\t\t\t\n\t\t\t\t<div class=\"results-buttons align-center\">\n\t\t\t\t\t<a href=\"https:\/\/elarfero.be\/es\/woning\/1501175_bungalow-ciudad-quesada\" class=\"button read_more\" target=\"\">Leer m\u00e1s\u2026<\/a>\n\t\t\t\t<\/div>\n\t\t\t<\/div>\n\t\t\n\t\t\t<div class=\"columns shadow alpha-results\">\n\t\t\t\t<div class=\"alpha-flash\"> \n\t\t\t\t\t\n\t\t\t\t\t\n\t\t\t\t\t \n\t\t\t\t<\/div>\n\t\t\t\t<div>\n\t\t\t\t\t<a href=\"https:\/\/elarfero.be\/es\/woning\/1427607_villa-las-colinas-golf\" class=\"alpha-thumb-link alpha-hover-link\" target=\"\">\n\t\t\t\t\t<span class=\" thumbnail\"><img decoding=\"async\" src=\"https:\/\/assetsrv.advanceagent.co.uk\/1240\/5b1d\/297efb93\/Abubilla-secundaria_xlarge.jpg\" class=\"thumbnail\" style=\"\" alt=\"\" title=\"\"><\/span>\n\t\t\t\t\t<\/a>\n\t\t\t\t<\/div>\n\t\t\t\t<div class=\"result-details align-center\">\n\t\t\t\t\t<h3><span class=\"town focusicons-colour\">Las Colinas Golf<\/span><br><span class=\"type focusicons-colour\">Villa<\/span><\/h3>\n\t\t\t\t\t<p>Ref: <span class=\"reference \">MSLCMLSC5894414<\/span><\/p>\n\t\t\t\t\t<h3><span class=\"price focusicons-colour\">1.200.000\u20ac<\/span><\/h3>\n\t\t\t\t\t\t<div class=\"alpha-icons black-text border-top border-bottom align-center\">\t\t\t\t\t\t\t\n\t\t\t\t\t\t\t<span class=\"bedrooms \">3<\/span>\n\t\t\t\t\t\t\t<span class=\"bathrooms \">3<\/span>\n\t\t\t\t\t\t\t<span class=\"plot_area \">1m&sup2;<br><\/span>\n\t\t\t\t\t\t\t<span class=\"build_area \">229m&sup2;<\/span>\t\t\t\t\t\t \n\t\t\t\t\t\t<\/div>\n\t\t\t\t<\/div>\t\t\t\t\n\t\t\t\t<div class=\"results-buttons align-center\">\n\t\t\t\t\t<a href=\"https:\/\/elarfero.be\/es\/woning\/1427607_villa-las-colinas-golf\" class=\"button read_more\" target=\"\">Leer m\u00e1s\u2026<\/a>\n\t\t\t\t<\/div>\n\t\t\t<\/div>\n\t\t\n\t\t\t<div class=\"columns shadow alpha-results\">\n\t\t\t\t<div class=\"alpha-flash\"> \n\t\t\t\t\t<span class=\"new_build \">NUEVA CONSTRUCCI\u00d3N<\/span>\n\t\t\t\t\t\n\t\t\t\t\t \n\t\t\t\t<\/div>\n\t\t\t\t<div>\n\t\t\t\t\t<a href=\"https:\/\/elarfero.be\/es\/woning\/1501419_villa-benissa\" class=\"alpha-thumb-link alpha-hover-link\" target=\"\">\n\t\t\t\t\t<span class=\" thumbnail\"><img decoding=\"async\" src=\"https:\/\/fotos15.apinmo.com\/7515\/27076072\/16-1.jpg\" class=\"thumbnail\" style=\"\" alt=\"\" title=\"\"><\/span>\n\t\t\t\t\t<\/a>\n\t\t\t\t<\/div>\n\t\t\t\t<div class=\"result-details align-center\">\n\t\t\t\t\t<h3><span class=\"town focusicons-colour\">Benissa<\/span><br><span class=\"type focusicons-colour\">Villa<\/span><\/h3>\n\t\t\t\t\t<p>Ref: <span class=\"reference \">SP1N9314<\/span><\/p>\n\t\t\t\t\t<h3><span class=\"price focusicons-colour\">1.250.000\u20ac<\/span><\/h3>\n\t\t\t\t\t\t<div class=\"alpha-icons black-text border-top border-bottom align-center\">\t\t\t\t\t\t\t\n\t\t\t\t\t\t\t<span class=\"bedrooms \">3<\/span>\n\t\t\t\t\t\t\t<span class=\"bathrooms \">3<\/span>\n\t\t\t\t\t\t\t<span class=\"plot_area \">860m&sup2;<br><\/span>\n\t\t\t\t\t\t\t<span class=\"build_area \">214m&sup2;<\/span>\t\t\t\t\t\t \n\t\t\t\t\t\t<\/div>\n\t\t\t\t<\/div>\t\t\t\t\n\t\t\t\t<div class=\"results-buttons align-center\">\n\t\t\t\t\t<a href=\"https:\/\/elarfero.be\/es\/woning\/1501419_villa-benissa\" class=\"button read_more\" target=\"\">Leer m\u00e1s\u2026<\/a>\n\t\t\t\t<\/div>\n\t\t\t<\/div>\n\t\t\n\t\t\t<div class=\"columns shadow alpha-results\">\n\t\t\t\t<div class=\"alpha-flash\"> \n\t\t\t\t\t<span class=\"new_build \">NUEVA CONSTRUCCI\u00d3N<\/span>\n\t\t\t\t\t\n\t\t\t\t\t \n\t\t\t\t<\/div>\n\t\t\t\t<div>\n\t\t\t\t\t<a href=\"https:\/\/elarfero.be\/es\/woning\/1500629_apartamento-avileses\" class=\"alpha-thumb-link alpha-hover-link\" target=\"\">\n\t\t\t\t\t<span class=\" thumbnail\"><img decoding=\"async\" src=\"https:\/\/fotos15.apinmo.com\/7515\/27295407\/10-1.jpg\" class=\"thumbnail\" style=\"\" alt=\"\" title=\"\"><\/span>\n\t\t\t\t\t<\/a>\n\t\t\t\t<\/div>\n\t\t\t\t<div class=\"result-details align-center\">\n\t\t\t\t\t<h3><span class=\"town focusicons-colour\">Avileses<\/span><br><span class=\"type focusicons-colour\">Apartamento<\/span><\/h3>\n\t\t\t\t\t<p>Ref: <span class=\"reference \">SP1N9369<\/span><\/p>\n\t\t\t\t\t<h3><span class=\"price focusicons-colour\">100.000\u20ac<\/span><\/h3>\n\t\t\t\t\t\t<div class=\"alpha-icons black-text border-top border-bottom align-center\">\t\t\t\t\t\t\t\n\t\t\t\t\t\t\t<span class=\"bedrooms \">2<\/span>\n\t\t\t\t\t\t\t<span class=\"bathrooms \">1<\/span>\n\t\t\t\t\t\t\t\n\t\t\t\t\t\t\t<span class=\"build_area \">52m&sup2;<\/span>\t\t\t\t\t\t \n\t\t\t\t\t\t<\/div>\n\t\t\t\t<\/div>\t\t\t\t\n\t\t\t\t<div class=\"results-buttons align-center\">\n\t\t\t\t\t<a href=\"https:\/\/elarfero.be\/es\/woning\/1500629_apartamento-avileses\" class=\"button read_more\" target=\"\">Leer m\u00e1s\u2026<\/a>\n\t\t\t\t<\/div>\n\t\t\t<\/div>\n\t\t\n\t\t\t<div class=\"columns shadow alpha-results\">\n\t\t\t\t<div class=\"alpha-flash\"> \n\t\t\t\t\t\n\t\t\t\t\t\n\t\t\t\t\t \n\t\t\t\t<\/div>\n\t\t\t\t<div>\n\t\t\t\t\t<a href=\"https:\/\/elarfero.be\/es\/woning\/1502501_villa-costa-calida\" class=\"alpha-thumb-link alpha-hover-link\" target=\"\">\n\t\t\t\t\t<span class=\" thumbnail\"><img decoding=\"async\" src=\"https:\/\/fotos15.apinmo.com\/12190\/25238991\/4-1.jpg\" class=\"thumbnail\" style=\"\" alt=\"\" title=\"\"><\/span>\n\t\t\t\t\t<\/a>\n\t\t\t\t<\/div>\n\t\t\t\t<div class=\"result-details align-center\">\n\t\t\t\t\t<h3><span class=\"town focusicons-colour\">Costa Calida<\/span><br><span class=\"type focusicons-colour\">Villa<\/span><\/h3>\n\t\t\t\t\t<p>Ref: <span class=\"reference \">MSLCMLSC6070516<\/span><\/p>\n\t\t\t\t\t<h3><span class=\"price focusicons-colour\">815.000\u20ac<\/span><\/h3>\n\t\t\t\t\t\t<div class=\"alpha-icons black-text border-top border-bottom align-center\">\t\t\t\t\t\t\t\n\t\t\t\t\t\t\t<span class=\"bedrooms \">5<\/span>\n\t\t\t\t\t\t\t<span class=\"bathrooms \">4<\/span>\n\t\t\t\t\t\t\t\n\t\t\t\t\t\t\t<span class=\"build_area \">443m&sup2;<\/span>\t\t\t\t\t\t \n\t\t\t\t\t\t<\/div>\n\t\t\t\t<\/div>\t\t\t\t\n\t\t\t\t<div class=\"results-buttons align-center\">\n\t\t\t\t\t<a href=\"https:\/\/elarfero.be\/es\/woning\/1502501_villa-costa-calida\" class=\"button read_more\" target=\"\">Leer m\u00e1s\u2026<\/a>\n\t\t\t\t<\/div>\n\t\t\t<\/div>\n\t\t\n\t\t\t<div class=\"columns shadow alpha-results\">\n\t\t\t\t<div class=\"alpha-flash\"> \n\t\t\t\t\t<span class=\"new_build \">NUEVA CONSTRUCCI\u00d3N<\/span>\n\t\t\t\t\t\n\t\t\t\t\t \n\t\t\t\t<\/div>\n\t\t\t\t<div>\n\t\t\t\t\t<a href=\"https:\/\/elarfero.be\/es\/woning\/1462713_apartamento-estepona\" class=\"alpha-thumb-link alpha-hover-link\" target=\"\">\n\t\t\t\t\t<span class=\" thumbnail\"><img decoding=\"async\" src=\"https:\/\/fotos15.apinmo.com\/7515\/25808947\/2-1.jpg\" class=\"thumbnail\" style=\"\" alt=\"\" title=\"\"><\/span>\n\t\t\t\t\t<\/a>\n\t\t\t\t<\/div>\n\t\t\t\t<div class=\"result-details align-center\">\n\t\t\t\t\t<h3><span class=\"town focusicons-colour\">Estepona<\/span><br><span class=\"type focusicons-colour\">Apartamento<\/span><\/h3>\n\t\t\t\t\t<p>Ref: <span class=\"reference \">SP1SP1062<\/span><\/p>\n\t\t\t\t\t<h3><span class=\"price focusicons-colour\">550.000\u20ac<\/span><\/h3>\n\t\t\t\t\t\t<div class=\"alpha-icons black-text border-top border-bottom align-center\">\t\t\t\t\t\t\t\n\t\t\t\t\t\t\t<span class=\"bedrooms \">2<\/span>\n\t\t\t\t\t\t\t<span class=\"bathrooms \">2<\/span>\n\t\t\t\t\t\t\t<span class=\"plot_area \">76m&sup2;<br><\/span>\n\t\t\t\t\t\t\t<span class=\"build_area \">135m&sup2;<\/span>\t\t\t\t\t\t \n\t\t\t\t\t\t<\/div>\n\t\t\t\t<\/div>\t\t\t\t\n\t\t\t\t<div class=\"results-buttons align-center\">\n\t\t\t\t\t<a href=\"https:\/\/elarfero.be\/es\/woning\/1462713_apartamento-estepona\" class=\"button read_more\" target=\"\">Leer m\u00e1s\u2026<\/a>\n\t\t\t\t<\/div>\n\t\t\t<\/div>\n\t\t\n\t\t\t<div class=\"columns shadow alpha-results\">\n\t\t\t\t<div class=\"alpha-flash\"> \n\t\t\t\t\t\n\t\t\t\t\t\n\t\t\t\t\t \n\t\t\t\t<\/div>\n\t\t\t\t<div>\n\t\t\t\t\t<a href=\"https:\/\/elarfero.be\/es\/woning\/1199873_terreno-macisvenda\" class=\"alpha-thumb-link alpha-hover-link\" target=\"\">\n\t\t\t\t\t<span class=\" thumbnail\"><img decoding=\"async\" src=\"https:\/\/www.stratusinternational.com\/media\/images\/properties\/d62175795d5a4162175795d5a89.JPG\" class=\"thumbnail\" style=\"\" alt=\"\" title=\"\"><\/span>\n\t\t\t\t\t<\/a>\n\t\t\t\t<\/div>\n\t\t\t\t<div class=\"result-details align-center\">\n\t\t\t\t\t<h3><span class=\"town focusicons-colour\">Macisvenda<\/span><br><span class=\"type focusicons-colour\">Terreno<\/span><\/h3>\n\t\t\t\t\t<p>Ref: <span class=\"reference \">STRA11804c2202<\/span><\/p>\n\t\t\t\t\t<h3><span class=\"price focusicons-colour\">184.995\u20ac<\/span><\/h3>\n\t\t\t\t\t\t<div class=\"alpha-icons black-text border-top border-bottom align-center\">\t\t\t\t\t\t\t\n\t\t\t\t\t\t\t\n\t\t\t\t\t\t\t\n\t\t\t\t\t\t\t<span class=\"plot_area \">44900m&sup2;<br><\/span>\n\t\t\t\t\t\t\t\t\t\t\t\t\t \n\t\t\t\t\t\t<\/div>\n\t\t\t\t<\/div>\t\t\t\t\n\t\t\t\t<div class=\"results-buttons align-center\">\n\t\t\t\t\t<a href=\"https:\/\/elarfero.be\/es\/woning\/1199873_terreno-macisvenda\" class=\"button read_more\" target=\"\">Leer m\u00e1s\u2026<\/a>\n\t\t\t\t<\/div>\n\t\t\t<\/div>\n\t\t\n\t\t\t<div class=\"columns shadow alpha-results\">\n\t\t\t\t<div class=\"alpha-flash\"> \n\t\t\t\t\t<span class=\"new_build \">NUEVA CONSTRUCCI\u00d3N<\/span>\n\t\t\t\t\t\n\t\t\t\t\t \n\t\t\t\t<\/div>\n\t\t\t\t<div>\n\t\t\t\t\t<a href=\"https:\/\/elarfero.be\/es\/woning\/1465337_villa-estepona\" class=\"alpha-thumb-link alpha-hover-link\" target=\"\">\n\t\t\t\t\t<span class=\" thumbnail\"><img decoding=\"async\" src=\"https:\/\/fotos15.apinmo.com\/7515\/25946342\/7-1.jpg\" class=\"thumbnail\" style=\"\" alt=\"\" title=\"\"><\/span>\n\t\t\t\t\t<\/a>\n\t\t\t\t<\/div>\n\t\t\t\t<div class=\"result-details align-center\">\n\t\t\t\t\t<h3><span class=\"town focusicons-colour\">Estepona<\/span><br><span class=\"type focusicons-colour\">Villa<\/span><\/h3>\n\t\t\t\t\t<p>Ref: <span class=\"reference \">SP1SP1098<\/span><\/p>\n\t\t\t\t\t<h3><span class=\"price focusicons-colour\">1.950.000\u20ac<\/span><\/h3>\n\t\t\t\t\t\t<div class=\"alpha-icons black-text border-top border-bottom align-center\">\t\t\t\t\t\t\t\n\t\t\t\t\t\t\t<span class=\"bedrooms \">5<\/span>\n\t\t\t\t\t\t\t<span class=\"bathrooms \">6<\/span>\n\t\t\t\t\t\t\t<span class=\"plot_area \">400m&sup2;<br><\/span>\n\t\t\t\t\t\t\t<span class=\"build_area \">287m&sup2;<\/span>\t\t\t\t\t\t \n\t\t\t\t\t\t<\/div>\n\t\t\t\t<\/div>\t\t\t\t\n\t\t\t\t<div class=\"results-buttons align-center\">\n\t\t\t\t\t<a href=\"https:\/\/elarfero.be\/es\/woning\/1465337_villa-estepona\" class=\"button read_more\" target=\"\">Leer m\u00e1s\u2026<\/a>\n\t\t\t\t<\/div>\n\t\t\t<\/div>\n\t\t\n\t\t\t<div class=\"columns shadow alpha-results\">\n\t\t\t\t<div class=\"alpha-flash\"> \n\t\t\t\t\t<span class=\"new_build \">NUEVA CONSTRUCCI\u00d3N<\/span>\n\t\t\t\t\t\n\t\t\t\t\t \n\t\t\t\t<\/div>\n\t\t\t\t<div>\n\t\t\t\t\t<a href=\"https:\/\/elarfero.be\/es\/woning\/1501287_penthouse-la-manga-del-mar-menor\" class=\"alpha-thumb-link alpha-hover-link\" target=\"\">\n\t\t\t\t\t<span class=\" thumbnail\"><img decoding=\"async\" src=\"https:\/\/fotos15.apinmo.com\/7515\/26784263\/3-1.jpg\" class=\"thumbnail\" style=\"\" alt=\"\" title=\"\"><\/span>\n\t\t\t\t\t<\/a>\n\t\t\t\t<\/div>\n\t\t\t\t<div class=\"result-details align-center\">\n\t\t\t\t\t<h3><span class=\"town focusicons-colour\">La Manga Del Mar Menor<\/span><br><span class=\"type focusicons-colour\">Penthouse<\/span><\/h3>\n\t\t\t\t\t<p>Ref: <span class=\"reference \">SP1N9254<\/span><\/p>\n\t\t\t\t\t<h3><span class=\"price focusicons-colour\">280.000\u20ac<\/span><\/h3>\n\t\t\t\t\t\t<div class=\"alpha-icons black-text border-top border-bottom align-center\">\t\t\t\t\t\t\t\n\t\t\t\t\t\t\t<span class=\"bedrooms \">1<\/span>\n\t\t\t\t\t\t\t<span class=\"bathrooms \">1<\/span>\n\t\t\t\t\t\t\t\n\t\t\t\t\t\t\t<span class=\"build_area \">71m&sup2;<\/span>\t\t\t\t\t\t \n\t\t\t\t\t\t<\/div>\n\t\t\t\t<\/div>\t\t\t\t\n\t\t\t\t<div class=\"results-buttons align-center\">\n\t\t\t\t\t<a href=\"https:\/\/elarfero.be\/es\/woning\/1501287_penthouse-la-manga-del-mar-menor\" class=\"button read_more\" target=\"\">Leer m\u00e1s\u2026<\/a>\n\t\t\t\t<\/div>\n\t\t\t<\/div>\n\t\t\n\t\t\t<div class=\"columns shadow alpha-results\">\n\t\t\t\t<div class=\"alpha-flash\"> \n\t\t\t\t\t\n\t\t\t\t\t\n\t\t\t\t\t \n\t\t\t\t<\/div>\n\t\t\t\t<div>\n\t\t\t\t\t<a href=\"https:\/\/elarfero.be\/es\/woning\/1486419_terreno-pinoso\" class=\"alpha-thumb-link alpha-hover-link\" target=\"\">\n\t\t\t\t\t<span class=\" thumbnail\"><img decoding=\"async\" src=\"https:\/\/www.stratusinternational.com\/media\/images\/properties\/d68ff4fb636c2068ff4fb636c66.jpg\" class=\"thumbnail\" style=\"\" alt=\"\" title=\"\"><\/span>\n\t\t\t\t\t<\/a>\n\t\t\t\t<\/div>\n\t\t\t\t<div class=\"result-details align-center\">\n\t\t\t\t\t<h3><span class=\"town focusicons-colour\">Pinoso<\/span><br><span class=\"type focusicons-colour\">Terreno<\/span><\/h3>\n\t\t\t\t\t<p>Ref: <span class=\"reference \">STRA64012c2511<\/span><\/p>\n\t\t\t\t\t<h3><span class=\"price focusicons-colour\">1.310.000\u20ac<\/span><\/h3>\n\t\t\t\t\t\t<div class=\"alpha-icons black-text border-top border-bottom align-center\">\t\t\t\t\t\t\t\n\t\t\t\t\t\t\t\n\t\t\t\t\t\t\t\n\t\t\t\t\t\t\t<span class=\"plot_area \">2800m&sup2;<br><\/span>\n\t\t\t\t\t\t\t\t\t\t\t\t\t \n\t\t\t\t\t\t<\/div>\n\t\t\t\t<\/div>\t\t\t\t\n\t\t\t\t<div class=\"results-buttons align-center\">\n\t\t\t\t\t<a href=\"https:\/\/elarfero.be\/es\/woning\/1486419_terreno-pinoso\" class=\"button read_more\" target=\"\">Leer m\u00e1s\u2026<\/a>\n\t\t\t\t<\/div>\n\t\t\t<\/div>\n\t\t\n\t<\/div>\n\n<style>\n@media screen and (min-width: 670px) {\n\t.two-columns, .four-columns, .three-columns, .columns.row {\n\t\tdisplay: flex;\n\t\tflex-wrap: wrap;\n\t}\n\t.columns.one-fourth, .four-columns > .columns {\n\t\twidth: 24%;\n\t\tmargin-right: 1.33%;\n\t}\n\t.columns.one-half, .two-columns > .columns {\n\t\twidth: 49%;\n\t\tmargin-right: 2%;\n\t}\n}\n@media screen and (min-width: 671px) and (max-width: 899px) {\n\t.two-columns, .four-columns, .three-columns, .columns.row {\n\t\tdisplay: flex;\n\t\tflex-wrap: wrap;\n\t}\n\t.four-columns > .columns {\n\t\twidth: 48%;\n\t\tmargin-right: 2%;\n\t}\n\t.three-columns > .columns {\n    width: 49%;\n    margin-right: 1%;\n\t}\n\t.three-columns > .columns:nth-of-type(3n) {\n    margin-right: auto;\n\t}\n}\n<\/style><\/div>\n\t\t\t\t\t\t<\/div>\n\t\t\t\t<\/div>\n\t\t\t\t\t<\/div>\n\t\t<\/div>\n\t\t\t\t\t<\/div>\n\t\t<\/section>\n\t\t\t\t<section class=\"elementor-section elementor-top-section elementor-element elementor-element-adcd9f4 elementor-section-boxed elementor-section-height-default elementor-section-height-default\" data-id=\"adcd9f4\" data-element_type=\"section\" data-settings=\"{&quot;jet_parallax_layout_list&quot;:[]}\">\n\t\t\t\t\t\t<div class=\"elementor-container elementor-column-gap-default\">\n\t\t\t\t\t<div class=\"elementor-column elementor-col-100 elementor-top-column elementor-element elementor-element-4789b57\" data-id=\"4789b57\" data-element_type=\"column\">\n\t\t\t<div class=\"elementor-widget-wrap elementor-element-populated\">\n\t\t\t\t\t\t<div class=\"elementor-element elementor-element-096357c elementor-widget elementor-widget-shortcode\" data-id=\"096357c\" data-element_type=\"widget\" data-widget_type=\"shortcode.default\">\n\t\t\t\t<div class=\"elementor-widget-container\">\n\t\t\t\t\t\t\t<div class=\"elementor-shortcode\"><!-- Alphashare template default_search_results7 -->\n<div class=\"property_pagination mb\"><span aria-current=\"page\" class=\"page-numbers current\">1<\/span>\n<a class=\"page-numbers\" href=\"https:\/\/elarfero.be\/es\/wp-json\/wp\/v2\/pages\/8975\/page\/2\/\">2<\/a>\n<a class=\"page-numbers\" href=\"https:\/\/elarfero.be\/es\/wp-json\/wp\/v2\/pages\/8975\/page\/3\/\">3<\/a>\n<span class=\"page-numbers dots\">&hellip;<\/span>\n<a class=\"page-numbers\" href=\"https:\/\/elarfero.be\/es\/wp-json\/wp\/v2\/pages\/8975\/page\/425\/\">425<\/a>\n<a class=\"next page-numbers\" href=\"https:\/\/elarfero.be\/es\/wp-json\/wp\/v2\/pages\/8975\/page\/2\/\">Siguiente &raquo;<\/a><\/div>\n<div class=\"three-columns rd\"> \n  <div class=\"default_search_results7 columns shadow alpha-results\">\n    <div style=\"position:relative;\">\n      <div class=\"alpha-flash\"> \n        \n         <\/div>\n      <div><a href=\"https:\/\/elarfero.be\/es\/woning\/1531088_terreno-monovar\" class=\"alpha-thumb-link alpha-hover-link\" target=\"\"><span class=\" thumbnail\"><img decoding=\"async\" src=\"https:\/\/www.stratusinternational.com\/media\/images\/properties\/o_1jkgglm32c7j6fr11fi18fu12nk1a.png\" class=\"thumbnail\" style=\"\" alt=\"\" title=\"\"><\/span><\/a><\/div>\n      <div class=\"result-details\" style=\"padding:20px;\"> <a href=\"https:\/\/elarfero.be\/es\/woning\/1531088_terreno-monovar\" class=\"\" target=\"\"><span class=\"type \"><h3>Terreno<\/h3><\/span><\/a>\n        <p class=\"pbn mbs\"><strong><span class=\"town \">Monovar<\/span><\/strong><br><span class=\"province \">Alicante (Costa Blanca)<\/span><\/p>\n        <p class=\"pbn mbs\"> -  <br> - <span class=\"plot_area \"><strong>366m&sup2;<\/strong> Parcela<\/span><\/p>\n        <p class=\"pbn mbn results-body\">Ref: <span class=\"reference \">STRA1012<\/span><\/p>\n      <\/div>\n      <div>\n        <div class=\"clearfix\" style=\"padding:20px 20px; border-top:1px dashed #cccccc;\">\n          <h3 class=\"company-colour pbn mbn float-left\"><span class=\"price \">1.300\u20ac<\/span><\/h3>\n          <button class='add_to_shortlist text-link position-relative float-right' data-ref='STRA1012' data-label-add='<i class=\"fa fa-heart-o\" style=\"font-size:20px; position:relative;\"><\/i>' data-label-remove='<i class=\"fa fa-heart\" style=\"font-size:20px; position:relative;\"><\/i>'><i class=\"fa fa-heart-o\" style=\"font-size:20px; position:relative;\"><\/i><\/button> <\/div>\n      <\/div>\n    <\/div>\n  <\/div>\n  \n  <div class=\"default_search_results7 columns shadow alpha-results\">\n    <div style=\"position:relative;\">\n      <div class=\"alpha-flash\"> \n        \n         <\/div>\n      <div><a href=\"https:\/\/elarfero.be\/es\/woning\/1531086_terreno-monovar\" class=\"alpha-thumb-link alpha-hover-link\" target=\"\"><span class=\" thumbnail\"><img decoding=\"async\" src=\"https:\/\/www.stratusinternational.com\/media\/images\/properties\/o_1jkgip8ggqlhtk219c01j1c1vdp1a.png\" class=\"thumbnail\" style=\"\" alt=\"\" title=\"\"><\/span><\/a><\/div>\n      <div class=\"result-details\" style=\"padding:20px;\"> <a href=\"https:\/\/elarfero.be\/es\/woning\/1531086_terreno-monovar\" class=\"\" target=\"\"><span class=\"type \"><h3>Terreno<\/h3><\/span><\/a>\n        <p class=\"pbn mbs\"><strong><span class=\"town \">Monovar<\/span><\/strong><br><span class=\"province \">Alicante (Costa Blanca)<\/span><\/p>\n        <p class=\"pbn mbs\"> -  <br> - <span class=\"plot_area \"><strong>532m&sup2;<\/strong> Parcela<\/span><\/p>\n        <p class=\"pbn mbn results-body\">Ref: <span class=\"reference \">STRA1015<\/span><\/p>\n      <\/div>\n      <div>\n        <div class=\"clearfix\" style=\"padding:20px 20px; border-top:1px dashed #cccccc;\">\n          <h3 class=\"company-colour pbn mbn float-left\"><span class=\"price \">1.600\u20ac<\/span><\/h3>\n          <button class='add_to_shortlist text-link position-relative float-right' data-ref='STRA1015' data-label-add='<i class=\"fa fa-heart-o\" style=\"font-size:20px; position:relative;\"><\/i>' data-label-remove='<i class=\"fa fa-heart\" style=\"font-size:20px; position:relative;\"><\/i>'><i class=\"fa fa-heart-o\" style=\"font-size:20px; position:relative;\"><\/i><\/button> <\/div>\n      <\/div>\n    <\/div>\n  <\/div>\n  \n  <div class=\"default_search_results7 columns shadow alpha-results\">\n    <div style=\"position:relative;\">\n      <div class=\"alpha-flash\"> \n        \n         <\/div>\n      <div><a href=\"https:\/\/elarfero.be\/es\/woning\/1531089_terreno-monovar\" class=\"alpha-thumb-link alpha-hover-link\" target=\"\"><span class=\" thumbnail\"><img decoding=\"async\" src=\"https:\/\/www.stratusinternational.com\/media\/images\/properties\/o_1jkg5hj0mbi01nt1obshejv871a.png\" class=\"thumbnail\" style=\"\" alt=\"\" title=\"\"><\/span><\/a><\/div>\n      <div class=\"result-details\" style=\"padding:20px;\"> <a href=\"https:\/\/elarfero.be\/es\/woning\/1531089_terreno-monovar\" class=\"\" target=\"\"><span class=\"type \"><h3>Terreno<\/h3><\/span><\/a>\n        <p class=\"pbn mbs\"><strong><span class=\"town \">Monovar<\/span><\/strong><br><span class=\"province \">Alicante (Costa Blanca)<\/span><\/p>\n        <p class=\"pbn mbs\"> -  <br> - <span class=\"plot_area \"><strong>3074m&sup2;<\/strong> Parcela<\/span><\/p>\n        <p class=\"pbn mbn results-body\">Ref: <span class=\"reference \">STRA1011<\/span><\/p>\n      <\/div>\n      <div>\n        <div class=\"clearfix\" style=\"padding:20px 20px; border-top:1px dashed #cccccc;\">\n          <h3 class=\"company-colour pbn mbn float-left\"><span class=\"price \">6.000\u20ac<\/span><\/h3>\n          <button class='add_to_shortlist text-link position-relative float-right' data-ref='STRA1011' data-label-add='<i class=\"fa fa-heart-o\" style=\"font-size:20px; position:relative;\"><\/i>' data-label-remove='<i class=\"fa fa-heart\" style=\"font-size:20px; position:relative;\"><\/i>'><i class=\"fa fa-heart-o\" style=\"font-size:20px; position:relative;\"><\/i><\/button> <\/div>\n      <\/div>\n    <\/div>\n  <\/div>\n  \n  <div class=\"default_search_results7 columns shadow alpha-results\">\n    <div style=\"position:relative;\">\n      <div class=\"alpha-flash\"> \n        \n         <\/div>\n      <div><a href=\"https:\/\/elarfero.be\/es\/woning\/1489374_garaje-torrevieja\" class=\"alpha-thumb-link alpha-hover-link\" target=\"\"><span class=\" thumbnail\"><img decoding=\"async\" src=\"https:\/\/fotos15.apinmo.com\/10165\/27172819\/1-1.jpg\" class=\"thumbnail\" style=\"\" alt=\"\" title=\"\"><\/span><\/a><\/div>\n      <div class=\"result-details\" style=\"padding:20px;\"> <a href=\"https:\/\/elarfero.be\/es\/woning\/1489374_garaje-torrevieja\" class=\"\" target=\"\"><span class=\"type \"><h3>Garaje<\/h3><\/span><\/a>\n        <p class=\"pbn mbs\"><strong><span class=\"town \">Torrevieja<\/span><\/strong><br><span class=\"province \">Alicante (Costa Blanca)<\/span><\/p>\n        <p class=\"pbn mbs\"> -  <br><span class=\"build_area \"><strong>20m&sup2;<\/strong> Construido<\/span> - <\/p>\n        <p class=\"pbn mbn results-body\">Ref: <span class=\"reference \">MSLCMLSC1817472<\/span><\/p>\n      <\/div>\n      <div>\n        <div class=\"clearfix\" style=\"padding:20px 20px; border-top:1px dashed #cccccc;\">\n          <h3 class=\"company-colour pbn mbn float-left\"><span class=\"price \">8.000\u20ac<\/span><\/h3>\n          <button class='add_to_shortlist text-link position-relative float-right' data-ref='MSLCMLSC1817472' data-label-add='<i class=\"fa fa-heart-o\" style=\"font-size:20px; position:relative;\"><\/i>' data-label-remove='<i class=\"fa fa-heart\" style=\"font-size:20px; position:relative;\"><\/i>'><i class=\"fa fa-heart-o\" style=\"font-size:20px; position:relative;\"><\/i><\/button> <\/div>\n      <\/div>\n    <\/div>\n  <\/div>\n  \n  <div class=\"default_search_results7 columns shadow alpha-results\">\n    <div style=\"position:relative;\">\n      <div class=\"alpha-flash\"> \n        \n         <\/div>\n      <div><a href=\"https:\/\/elarfero.be\/es\/woning\/1445733_garaje-orihuela-costa\" class=\"alpha-thumb-link alpha-hover-link\" target=\"\"><span class=\" thumbnail\"><img decoding=\"async\" src=\"https:\/\/fotos15.apinmo.com\/1862\/21825244\/2-1.jpg\" class=\"thumbnail\" style=\"\" alt=\"\" title=\"\"><\/span><\/a><\/div>\n      <div class=\"result-details\" style=\"padding:20px;\"> <a href=\"https:\/\/elarfero.be\/es\/woning\/1445733_garaje-orihuela-costa\" class=\"\" target=\"\"><span class=\"type \"><h3>Garaje<\/h3><\/span><\/a>\n        <p class=\"pbn mbs\"><strong><span class=\"town \">Orihuela Costa<\/span><\/strong><br><span class=\"province \">Alicante (Costa Blanca)<\/span><\/p>\n        <p class=\"pbn mbs\"> -  <br><span class=\"build_area \"><strong>41m&sup2;<\/strong> Construido<\/span> - <\/p>\n        <p class=\"pbn mbn results-body\">Ref: <span class=\"reference \">PF14-4363-1862<\/span><\/p>\n      <\/div>\n      <div>\n        <div class=\"clearfix\" style=\"padding:20px 20px; border-top:1px dashed #cccccc;\">\n          <h3 class=\"company-colour pbn mbn float-left\"><span class=\"price \">8.500\u20ac<\/span><\/h3>\n          <button class='add_to_shortlist text-link position-relative float-right' data-ref='PF14-4363-1862' data-label-add='<i class=\"fa fa-heart-o\" style=\"font-size:20px; position:relative;\"><\/i>' data-label-remove='<i class=\"fa fa-heart\" style=\"font-size:20px; position:relative;\"><\/i>'><i class=\"fa fa-heart-o\" style=\"font-size:20px; position:relative;\"><\/i><\/button> <\/div>\n      <\/div>\n    <\/div>\n  <\/div>\n  \n  <div class=\"default_search_results7 columns shadow alpha-results\">\n    <div style=\"position:relative;\">\n      <div class=\"alpha-flash\"> \n        \n         <\/div>\n      <div><a href=\"https:\/\/elarfero.be\/es\/woning\/1455685_garaje-orihuela-costa\" class=\"alpha-thumb-link alpha-hover-link\" target=\"\"><span class=\" thumbnail\"><img decoding=\"async\" src=\"https:\/\/fotos15.apinmo.com\/1862\/21825244\/2-1.jpg\" class=\"thumbnail\" style=\"\" alt=\"\" title=\"\"><\/span><\/a><\/div>\n      <div class=\"result-details\" style=\"padding:20px;\"> <a href=\"https:\/\/elarfero.be\/es\/woning\/1455685_garaje-orihuela-costa\" class=\"\" target=\"\"><span class=\"type \"><h3>Garaje<\/h3><\/span><\/a>\n        <p class=\"pbn mbs\"><strong><span class=\"town \">Orihuela Costa<\/span><\/strong><br><span class=\"province \">Alicante (Costa Blanca)<\/span><\/p>\n        <p class=\"pbn mbs\"> -  <br><span class=\"build_area \"><strong>41m&sup2;<\/strong> Construido<\/span> - <\/p>\n        <p class=\"pbn mbn results-body\">Ref: <span class=\"reference \">MSLCMLSC1550379<\/span><\/p>\n      <\/div>\n      <div>\n        <div class=\"clearfix\" style=\"padding:20px 20px; border-top:1px dashed #cccccc;\">\n          <h3 class=\"company-colour pbn mbn float-left\"><span class=\"price \">8.500\u20ac<\/span><\/h3>\n          <button class='add_to_shortlist text-link position-relative float-right' data-ref='MSLCMLSC1550379' data-label-add='<i class=\"fa fa-heart-o\" style=\"font-size:20px; position:relative;\"><\/i>' data-label-remove='<i class=\"fa fa-heart\" style=\"font-size:20px; position:relative;\"><\/i>'><i class=\"fa fa-heart-o\" style=\"font-size:20px; position:relative;\"><\/i><\/button> <\/div>\n      <\/div>\n    <\/div>\n  <\/div>\n  \n  <div class=\"default_search_results7 columns shadow alpha-results\">\n    <div style=\"position:relative;\">\n      <div class=\"alpha-flash\"> \n        \n         <\/div>\n      <div><a href=\"https:\/\/elarfero.be\/es\/woning\/1515329_garaje-san-pedro-del-pinatar\" class=\"alpha-thumb-link alpha-hover-link\" target=\"\"><span class=\" thumbnail\"><img decoding=\"async\" src=\"https:\/\/fotos15.apinmo.com\/10913\/28198289\/2-1.jpg\" class=\"thumbnail\" style=\"\" alt=\"\" title=\"\"><\/span><\/a><\/div>\n      <div class=\"result-details\" style=\"padding:20px;\"> <a href=\"https:\/\/elarfero.be\/es\/woning\/1515329_garaje-san-pedro-del-pinatar\" class=\"\" target=\"\"><span class=\"type \"><h3>Garaje<\/h3><\/span><\/a>\n        <p class=\"pbn mbs\"><strong><span class=\"town \">San Pedro del Pinatar<\/span><\/strong><br><span class=\"province \">Murcia (Costa Calida)<\/span><\/p>\n        <p class=\"pbn mbs\"> -  <br><span class=\"build_area \"><strong>15m&sup2;<\/strong> Construido<\/span> - <\/p>\n        <p class=\"pbn mbn results-body\">Ref: <span class=\"reference \">MSLCMLSC4976600<\/span><\/p>\n      <\/div>\n      <div>\n        <div class=\"clearfix\" style=\"padding:20px 20px; border-top:1px dashed #cccccc;\">\n          <h3 class=\"company-colour pbn mbn float-left\"><span class=\"price \">9.000\u20ac<\/span><\/h3>\n          <button class='add_to_shortlist text-link position-relative float-right' data-ref='MSLCMLSC4976600' data-label-add='<i class=\"fa fa-heart-o\" style=\"font-size:20px; position:relative;\"><\/i>' data-label-remove='<i class=\"fa fa-heart\" style=\"font-size:20px; position:relative;\"><\/i>'><i class=\"fa fa-heart-o\" style=\"font-size:20px; position:relative;\"><\/i><\/button> <\/div>\n      <\/div>\n    <\/div>\n  <\/div>\n  \n  <div class=\"default_search_results7 columns shadow alpha-results\">\n    <div style=\"position:relative;\">\n      <div class=\"alpha-flash\"> \n        \n         <\/div>\n      <div><a href=\"https:\/\/elarfero.be\/es\/woning\/1426443_terreno-pinoso\" class=\"alpha-thumb-link alpha-hover-link\" target=\"\"><span class=\" thumbnail\"><img decoding=\"async\" src=\"https:\/\/www.stratusinternational.com\/media\/images\/properties\/o_1ikhcpkm81psj1mau145f47kcrf1e.JPG\" class=\"thumbnail\" style=\"\" alt=\"\" title=\"\"><\/span><\/a><\/div>\n      <div class=\"result-details\" style=\"padding:20px;\"> <a href=\"https:\/\/elarfero.be\/es\/woning\/1426443_terreno-pinoso\" class=\"\" target=\"\"><span class=\"type \"><h3>Terreno<\/h3><\/span><\/a>\n        <p class=\"pbn mbs\"><strong><span class=\"town \">Pinoso<\/span><\/strong><br><span class=\"province \">Alicante (Costa Blanca)<\/span><\/p>\n        <p class=\"pbn mbs\"> -  <br> - <span class=\"plot_area \"><strong>2530m&sup2;<\/strong> Parcela<\/span><\/p>\n        <p class=\"pbn mbn results-body\">Ref: <span class=\"reference \">STRA66054<\/span><\/p>\n      <\/div>\n      <div>\n        <div class=\"clearfix\" style=\"padding:20px 20px; border-top:1px dashed #cccccc;\">\n          <h3 class=\"company-colour pbn mbn float-left\"><span class=\"price \">9.995\u20ac<\/span><\/h3>\n          <button class='add_to_shortlist text-link position-relative float-right' data-ref='STRA66054' data-label-add='<i class=\"fa fa-heart-o\" style=\"font-size:20px; position:relative;\"><\/i>' data-label-remove='<i class=\"fa fa-heart\" style=\"font-size:20px; position:relative;\"><\/i>'><i class=\"fa fa-heart-o\" style=\"font-size:20px; position:relative;\"><\/i><\/button> <\/div>\n      <\/div>\n    <\/div>\n  <\/div>\n  \n  <div class=\"default_search_results7 columns shadow alpha-results\">\n    <div style=\"position:relative;\">\n      <div class=\"alpha-flash\"> \n        \n         <\/div>\n      <div><a href=\"https:\/\/elarfero.be\/es\/woning\/1398823_terreno-raspay\" class=\"alpha-thumb-link alpha-hover-link\" target=\"\"><span class=\" thumbnail\"><img decoding=\"async\" src=\"https:\/\/www.stratusinternational.com\/media\/images\/properties\/d6708fac669f9e6708fac669fec.jpg\" class=\"thumbnail\" style=\"\" alt=\"\" title=\"\"><\/span><\/a><\/div>\n      <div class=\"result-details\" style=\"padding:20px;\"> <a href=\"https:\/\/elarfero.be\/es\/woning\/1398823_terreno-raspay\" class=\"\" target=\"\"><span class=\"type \"><h3>Terreno<\/h3><\/span><\/a>\n        <p class=\"pbn mbs\"><strong><span class=\"town \">Raspay<\/span><\/strong><br><span class=\"province \">Murcia (Costa Calida)<\/span><\/p>\n        <p class=\"pbn mbs\"> -  <br> - <span class=\"plot_area \"><strong>5011m&sup2;<\/strong> Parcela<\/span><\/p>\n        <p class=\"pbn mbn results-body\">Ref: <span class=\"reference \">STRA63010c2410<\/span><\/p>\n      <\/div>\n      <div>\n        <div class=\"clearfix\" style=\"padding:20px 20px; border-top:1px dashed #cccccc;\">\n          <h3 class=\"company-colour pbn mbn float-left\"><span class=\"price \">9.995\u20ac<\/span><\/h3>\n          <button class='add_to_shortlist text-link position-relative float-right' data-ref='STRA63010c2410' data-label-add='<i class=\"fa fa-heart-o\" style=\"font-size:20px; position:relative;\"><\/i>' data-label-remove='<i class=\"fa fa-heart\" style=\"font-size:20px; position:relative;\"><\/i>'><i class=\"fa fa-heart-o\" style=\"font-size:20px; position:relative;\"><\/i><\/button> <\/div>\n      <\/div>\n    <\/div>\n  <\/div>\n  \n  <div class=\"default_search_results7 columns shadow alpha-results\">\n    <div style=\"position:relative;\">\n      <div class=\"alpha-flash\"> \n        \n         <\/div>\n      <div><a href=\"https:\/\/elarfero.be\/es\/woning\/1462335_terreno-monovar\" class=\"alpha-thumb-link alpha-hover-link\" target=\"\"><span class=\" thumbnail\"><img decoding=\"async\" src=\"https:\/\/www.stratusinternational.com\/media\/images\/properties\/o_1ithron5j9077h31jlg905155l1c.png\" class=\"thumbnail\" style=\"\" alt=\"\" title=\"\"><\/span><\/a><\/div>\n      <div class=\"result-details\" style=\"padding:20px;\"> <a href=\"https:\/\/elarfero.be\/es\/woning\/1462335_terreno-monovar\" class=\"\" target=\"\"><span class=\"type \"><h3>Terreno<\/h3><\/span><\/a>\n        <p class=\"pbn mbs\"><strong><span class=\"town \">Monovar<\/span><\/strong><br><span class=\"province \">Alicante (Costa Blanca)<\/span><\/p>\n        <p class=\"pbn mbs\"> -  <br> - <span class=\"plot_area \"><strong>2023m&sup2;<\/strong> Parcela<\/span><\/p>\n        <p class=\"pbn mbn results-body\">Ref: <span class=\"reference \">STRA61103<\/span><\/p>\n      <\/div>\n      <div>\n        <div class=\"clearfix\" style=\"padding:20px 20px; border-top:1px dashed #cccccc;\">\n          <h3 class=\"company-colour pbn mbn float-left\"><span class=\"price \">9.995\u20ac<\/span><\/h3>\n          <button class='add_to_shortlist text-link position-relative float-right' data-ref='STRA61103' data-label-add='<i class=\"fa fa-heart-o\" style=\"font-size:20px; position:relative;\"><\/i>' data-label-remove='<i class=\"fa fa-heart\" style=\"font-size:20px; position:relative;\"><\/i>'><i class=\"fa fa-heart-o\" style=\"font-size:20px; position:relative;\"><\/i><\/button> <\/div>\n      <\/div>\n    <\/div>\n  <\/div>\n  \n  <div class=\"default_search_results7 columns shadow alpha-results\">\n    <div style=\"position:relative;\">\n      <div class=\"alpha-flash\"> \n        \n         <\/div>\n      <div><a href=\"https:\/\/elarfero.be\/es\/woning\/1511357_garaje-torrevieja\" class=\"alpha-thumb-link alpha-hover-link\" target=\"\"><span class=\" thumbnail\"><img decoding=\"async\" src=\"https:\/\/houseinspaininvest.com\/media\/images\/properties\/677_69805fbe5609e.jpg\" class=\"thumbnail\" style=\"\" alt=\"\" title=\"\"><\/span><\/a><\/div>\n      <div class=\"result-details\" style=\"padding:20px;\"> <a href=\"https:\/\/elarfero.be\/es\/woning\/1511357_garaje-torrevieja\" class=\"\" target=\"\"><span class=\"type \"><h3>Garaje<\/h3><\/span><\/a>\n        <p class=\"pbn mbs\"><strong><span class=\"town \">Torrevieja<\/span><\/strong><br><span class=\"province \">Alicante (Costa Blanca)<\/span><\/p>\n        <p class=\"pbn mbs\"> -  <br><span class=\"build_area \"><strong>11m&sup2;<\/strong> Construido<\/span> - <\/p>\n        <p class=\"pbn mbn results-body\">Ref: <span class=\"reference \">MSLCMLSC4536488<\/span><\/p>\n      <\/div>\n      <div>\n        <div class=\"clearfix\" style=\"padding:20px 20px; border-top:1px dashed #cccccc;\">\n          <h3 class=\"company-colour pbn mbn float-left\"><span class=\"price \">10.000\u20ac<\/span><\/h3>\n          <button class='add_to_shortlist text-link position-relative float-right' data-ref='MSLCMLSC4536488' data-label-add='<i class=\"fa fa-heart-o\" style=\"font-size:20px; position:relative;\"><\/i>' data-label-remove='<i class=\"fa fa-heart\" style=\"font-size:20px; position:relative;\"><\/i>'><i class=\"fa fa-heart-o\" style=\"font-size:20px; position:relative;\"><\/i><\/button> <\/div>\n      <\/div>\n    <\/div>\n  <\/div>\n  \n  <div class=\"default_search_results7 columns shadow alpha-results\">\n    <div style=\"position:relative;\">\n      <div class=\"alpha-flash\"> \n        \n         <\/div>\n      <div><a href=\"https:\/\/elarfero.be\/es\/woning\/1446678_terreno-yecla\" class=\"alpha-thumb-link alpha-hover-link\" target=\"\"><span class=\" thumbnail\"><img decoding=\"async\" src=\"https:\/\/www.stratusinternational.com\/media\/images\/properties\/o_1ipp9lr8e1k615941vjt1cd84up1d.JPG\" class=\"thumbnail\" style=\"\" alt=\"\" title=\"\"><\/span><\/a><\/div>\n      <div class=\"result-details\" style=\"padding:20px;\"> <a href=\"https:\/\/elarfero.be\/es\/woning\/1446678_terreno-yecla\" class=\"\" target=\"\"><span class=\"type \"><h3>Terreno<\/h3><\/span><\/a>\n        <p class=\"pbn mbs\"><strong><span class=\"town \">Yecla<\/span><\/strong><br><span class=\"province \">Murcia (Costa Calida)<\/span><\/p>\n        <p class=\"pbn mbs\"> -  <br> - <span class=\"plot_area \"><strong>6154m&sup2;<\/strong> Parcela<\/span><\/p>\n        <p class=\"pbn mbn results-body\">Ref: <span class=\"reference \">STRA41051-PB<\/span><\/p>\n      <\/div>\n      <div>\n        <div class=\"clearfix\" style=\"padding:20px 20px; border-top:1px dashed #cccccc;\">\n          <h3 class=\"company-colour pbn mbn float-left\"><span class=\"price \">10.000\u20ac<\/span><\/h3>\n          <button class='add_to_shortlist text-link position-relative float-right' data-ref='STRA41051-PB' data-label-add='<i class=\"fa fa-heart-o\" style=\"font-size:20px; position:relative;\"><\/i>' data-label-remove='<i class=\"fa fa-heart\" style=\"font-size:20px; position:relative;\"><\/i>'><i class=\"fa fa-heart-o\" style=\"font-size:20px; position:relative;\"><\/i><\/button> <\/div>\n      <\/div>\n    <\/div>\n  <\/div>\n  \n  <div class=\"default_search_results7 columns shadow alpha-results\">\n    <div style=\"position:relative;\">\n      <div class=\"alpha-flash\"> \n        \n         <\/div>\n      <div><a href=\"https:\/\/elarfero.be\/es\/woning\/1489411_garaje-torrevieja\" class=\"alpha-thumb-link alpha-hover-link\" target=\"\"><span class=\" thumbnail\"><img decoding=\"async\" src=\"https:\/\/fotos15.apinmo.com\/6821\/26096759\/1-1.jpg\" class=\"thumbnail\" style=\"\" alt=\"\" title=\"\"><\/span><\/a><\/div>\n      <div class=\"result-details\" style=\"padding:20px;\"> <a href=\"https:\/\/elarfero.be\/es\/woning\/1489411_garaje-torrevieja\" class=\"\" target=\"\"><span class=\"type \"><h3>Garaje<\/h3><\/span><\/a>\n        <p class=\"pbn mbs\"><strong><span class=\"town \">Torrevieja<\/span><\/strong><br><span class=\"province \">Alicante (Costa Blanca)<\/span><\/p>\n        <p class=\"pbn mbs\"> -  <br><span class=\"build_area \"><strong>18m&sup2;<\/strong> Construido<\/span> - <\/p>\n        <p class=\"pbn mbn results-body\">Ref: <span class=\"reference \">MSLCMLSC4836870<\/span><\/p>\n      <\/div>\n      <div>\n        <div class=\"clearfix\" style=\"padding:20px 20px; border-top:1px dashed #cccccc;\">\n          <h3 class=\"company-colour pbn mbn float-left\"><span class=\"price \">10.900\u20ac<\/span><\/h3>\n          <button class='add_to_shortlist text-link position-relative float-right' data-ref='MSLCMLSC4836870' data-label-add='<i class=\"fa fa-heart-o\" style=\"font-size:20px; position:relative;\"><\/i>' data-label-remove='<i class=\"fa fa-heart\" style=\"font-size:20px; position:relative;\"><\/i>'><i class=\"fa fa-heart-o\" style=\"font-size:20px; position:relative;\"><\/i><\/button> <\/div>\n      <\/div>\n    <\/div>\n  <\/div>\n  \n  <div class=\"default_search_results7 columns shadow alpha-results\">\n    <div style=\"position:relative;\">\n      <div class=\"alpha-flash\"> \n        \n         <\/div>\n      <div><a href=\"https:\/\/elarfero.be\/es\/woning\/1502495_garaje-torrevieja\" class=\"alpha-thumb-link alpha-hover-link\" target=\"\"><span class=\" thumbnail\"><img decoding=\"async\" src=\"https:\/\/fotos15.apinmo.com\/9576\/27432617\/2-1.jpg\" class=\"thumbnail\" style=\"\" alt=\"\" title=\"\"><\/span><\/a><\/div>\n      <div class=\"result-details\" style=\"padding:20px;\"> <a href=\"https:\/\/elarfero.be\/es\/woning\/1502495_garaje-torrevieja\" class=\"\" target=\"\"><span class=\"type \"><h3>Garaje<\/h3><\/span><\/a>\n        <p class=\"pbn mbs\"><strong><span class=\"town \">Torrevieja<\/span><\/strong><br><span class=\"province \">Alicante (Costa Blanca)<\/span><\/p>\n        <p class=\"pbn mbs\"> -  <br><span class=\"build_area \"><strong>15m&sup2;<\/strong> Construido<\/span> - <\/p>\n        <p class=\"pbn mbn results-body\">Ref: <span class=\"reference \">MSLCMLSC2611808<\/span><\/p>\n      <\/div>\n      <div>\n        <div class=\"clearfix\" style=\"padding:20px 20px; border-top:1px dashed #cccccc;\">\n          <h3 class=\"company-colour pbn mbn float-left\"><span class=\"price \">11.000\u20ac<\/span><\/h3>\n          <button class='add_to_shortlist text-link position-relative float-right' data-ref='MSLCMLSC2611808' data-label-add='<i class=\"fa fa-heart-o\" style=\"font-size:20px; position:relative;\"><\/i>' data-label-remove='<i class=\"fa fa-heart\" style=\"font-size:20px; position:relative;\"><\/i>'><i class=\"fa fa-heart-o\" style=\"font-size:20px; position:relative;\"><\/i><\/button> <\/div>\n      <\/div>\n    <\/div>\n  <\/div>\n  \n  <div class=\"default_search_results7 columns shadow alpha-results\">\n    <div style=\"position:relative;\">\n      <div class=\"alpha-flash\"> \n        \n         <\/div>\n      <div><a href=\"https:\/\/elarfero.be\/es\/woning\/1462334_terreno-monovar\" class=\"alpha-thumb-link alpha-hover-link\" target=\"\"><span class=\" thumbnail\"><img decoding=\"async\" src=\"https:\/\/www.stratusinternational.com\/media\/images\/properties\/o_1ithsks2ikfs1se9oaihoi6kr1b.png\" class=\"thumbnail\" style=\"\" alt=\"\" title=\"\"><\/span><\/a><\/div>\n      <div class=\"result-details\" style=\"padding:20px;\"> <a href=\"https:\/\/elarfero.be\/es\/woning\/1462334_terreno-monovar\" class=\"\" target=\"\"><span class=\"type \"><h3>Terreno<\/h3><\/span><\/a>\n        <p class=\"pbn mbs\"><strong><span class=\"town \">Monovar<\/span><\/strong><br><span class=\"province \">Alicante (Costa Blanca)<\/span><\/p>\n        <p class=\"pbn mbs\"> -  <br> - <span class=\"plot_area \"><strong>4258m&sup2;<\/strong> Parcela<\/span><\/p>\n        <p class=\"pbn mbn results-body\">Ref: <span class=\"reference \">STRA61104<\/span><\/p>\n      <\/div>\n      <div>\n        <div class=\"clearfix\" style=\"padding:20px 20px; border-top:1px dashed #cccccc;\">\n          <h3 class=\"company-colour pbn mbn float-left\"><span class=\"price \">11.500\u20ac<\/span><\/h3>\n          <button class='add_to_shortlist text-link position-relative float-right' data-ref='STRA61104' data-label-add='<i class=\"fa fa-heart-o\" style=\"font-size:20px; position:relative;\"><\/i>' data-label-remove='<i class=\"fa fa-heart\" style=\"font-size:20px; position:relative;\"><\/i>'><i class=\"fa fa-heart-o\" style=\"font-size:20px; position:relative;\"><\/i><\/button> <\/div>\n      <\/div>\n    <\/div>\n  <\/div>\n   <\/div>\n<div class=\"property_pagination\"><span aria-current=\"page\" class=\"page-numbers current\">1<\/span>\n<a class=\"page-numbers\" href=\"https:\/\/elarfero.be\/es\/wp-json\/wp\/v2\/pages\/8975\/page\/2\/\">2<\/a>\n<a class=\"page-numbers\" href=\"https:\/\/elarfero.be\/es\/wp-json\/wp\/v2\/pages\/8975\/page\/3\/\">3<\/a>\n<span class=\"page-numbers dots\">&hellip;<\/span>\n<a class=\"page-numbers\" href=\"https:\/\/elarfero.be\/es\/wp-json\/wp\/v2\/pages\/8975\/page\/425\/\">425<\/a>\n<a class=\"next page-numbers\" href=\"https:\/\/elarfero.be\/es\/wp-json\/wp\/v2\/pages\/8975\/page\/2\/\">Siguiente &raquo;<\/a><\/div>\n\n<style type=\"text\/css\">\n.default_search_results7 {\n\tfont-family: arial;\n\tcolor: #5f6e82;\n\tfont-size: 14px;\n}\n.default_search_results7 .text-link {\n\tfloat: right !important;\n}\n.default_search_results7 p {\n}\n.default_search_results7 h2 {\n}\n.default_search_results7 h3 {\n}\n.default_search_results7 .results-body strong {\n\tcolor: #323a45;\n\tfont-weight: 500;\n}\n.default_search_results7 a:hover {\n}\n\t.default_search_results7 .add_to_shortlist {\n\t\tcolor: #5f6e82 !important;\n\t}\n\t.default_search_results7 .add_to_shortlist.added {\n\t\tcolor: var(--company-color) !important;\n\t}\n\t.default_search_results7 .add_to_shortlist:hover {\n\t\tcolor: var(--company-color) !important;\n\t}\n\n@media screen and (min-width: 670px) {\n\t.two-columns, .four-columns, .three-columns, .columns.row {\n\t\tdisplay: flex;\n\t\tflex-wrap: wrap;\n\t}\n\t.columns.one-fourth, .four-columns > .columns {\n\t\twidth: 24%;\n\t\tmargin-right: 1.33%;\n\t}\n\t.columns.one-half, .two-columns > .columns {\n\t\twidth: 49%;\n\t\tmargin-right: 2%;\n\t}\n}\n@media screen and (min-width: 671px) and (max-width: 899px) {\n\t.two-columns, .four-columns, .three-columns, .columns.row {\n\t\tdisplay: flex;\n\t\tflex-wrap: wrap;\n\t}\n\t.four-columns > .columns {\n\t\twidth: 48%;\n\t\tmargin-right: 2%;\n\t}\n\t.three-columns > .columns {\n    width: 49%;\n    margin-right: 1%;\n\t}\n\t.three-columns > .columns:nth-of-type(3n) {\n    margin-right: auto;\n\t}\n}\n<\/style><\/div>\n\t\t\t\t\t\t<\/div>\n\t\t\t\t<\/div>\n\t\t\t\t\t<\/div>\n\t\t<\/div>\n\t\t\t\t\t<\/div>\n\t\t<\/section>\n\t\t\t\t<section class=\"elementor-section elementor-top-section elementor-element elementor-element-a5a0cd1 elementor-section-full_width elementor-section-height-default elementor-section-height-default\" data-id=\"a5a0cd1\" data-element_type=\"section\" data-settings=\"{&quot;jet_parallax_layout_list&quot;:[]}\">\n\t\t\t\t\t\t<div class=\"elementor-container elementor-column-gap-default\">\n\t\t\t\t\t<div class=\"elementor-column elementor-col-33 elementor-top-column elementor-element elementor-element-d21b4ca elementor-hidden-mobile\" data-id=\"d21b4ca\" data-element_type=\"column\">\n\t\t\t<div class=\"elementor-widget-wrap elementor-element-populated\">\n\t\t\t\t\t\t<div class=\"elementor-element elementor-element-f408090 elementor-widget-divider--view-line elementor-widget elementor-widget-divider\" data-id=\"f408090\" data-element_type=\"widget\" data-widget_type=\"divider.default\">\n\t\t\t\t<div class=\"elementor-widget-container\">\n\t\t\t\t\t\t\t<div class=\"elementor-divider\">\n\t\t\t<span class=\"elementor-divider-separator\">\n\t\t\t\t\t\t<\/span>\n\t\t<\/div>\n\t\t\t\t\t\t<\/div>\n\t\t\t\t<\/div>\n\t\t\t\t\t<\/div>\n\t\t<\/div>\n\t\t\t\t<div class=\"elementor-column elementor-col-33 elementor-top-column elementor-element elementor-element-0a6ffa5\" data-id=\"0a6ffa5\" data-element_type=\"column\">\n\t\t\t<div class=\"elementor-widget-wrap elementor-element-populated\">\n\t\t\t\t\t\t<div class=\"elementor-element elementor-element-7d97370 prue elementor-widget elementor-widget-heading\" data-id=\"7d97370\" data-element_type=\"widget\" data-widget_type=\"heading.default\">\n\t\t\t\t<div class=\"elementor-widget-container\">\n\t\t\t\t\t<h2 class=\"elementor-heading-title elementor-size-default\">\u00daltimo a\u00f1adido<\/h2>\t\t\t\t<\/div>\n\t\t\t\t<\/div>\n\t\t\t\t\t<\/div>\n\t\t<\/div>\n\t\t\t\t<div class=\"elementor-column elementor-col-33 elementor-top-column elementor-element elementor-element-08c568f elementor-hidden-mobile\" data-id=\"08c568f\" data-element_type=\"column\" data-settings=\"{&quot;background_background&quot;:&quot;classic&quot;}\">\n\t\t\t<div class=\"elementor-widget-wrap elementor-element-populated\">\n\t\t\t\t\t\t<div class=\"elementor-element elementor-element-9561b9c elementor-widget-divider--view-line elementor-widget elementor-widget-divider\" data-id=\"9561b9c\" data-element_type=\"widget\" data-widget_type=\"divider.default\">\n\t\t\t\t<div class=\"elementor-widget-container\">\n\t\t\t\t\t\t\t<div class=\"elementor-divider\">\n\t\t\t<span class=\"elementor-divider-separator\">\n\t\t\t\t\t\t<\/span>\n\t\t<\/div>\n\t\t\t\t\t\t<\/div>\n\t\t\t\t<\/div>\n\t\t\t\t\t<\/div>\n\t\t<\/div>\n\t\t\t\t\t<\/div>\n\t\t<\/section>\n\t\t\t\t<section class=\"elementor-section elementor-top-section elementor-element elementor-element-d54bc3d elementor-section-boxed elementor-section-height-default elementor-section-height-default\" data-id=\"d54bc3d\" data-element_type=\"section\" data-settings=\"{&quot;jet_parallax_layout_list&quot;:[]}\">\n\t\t\t\t\t\t<div class=\"elementor-container elementor-column-gap-default\">\n\t\t\t\t\t<div class=\"elementor-column elementor-col-100 elementor-top-column elementor-element elementor-element-77f16c1\" data-id=\"77f16c1\" data-element_type=\"column\">\n\t\t\t<div class=\"elementor-widget-wrap elementor-element-populated\">\n\t\t\t\t\t\t<div class=\"elementor-element elementor-element-7ed347b elementor-widget elementor-widget-shortcode\" data-id=\"7ed347b\" data-element_type=\"widget\" data-widget_type=\"shortcode.default\">\n\t\t\t\t<div class=\"elementor-widget-container\">\n\t\t\t\t\t\t\t<div class=\"elementor-shortcode\"><!-- Alphashare template default_property_featured6_short -->\n   <div class=\"three-columns\">\n\t\t\n\t\t\t<div class=\"columns shadow alpha-results\">\n\t\t\t\t<div class=\"alpha-flash\"> \n\t\t\t\t\t\n\t\t\t\t\t\n\t\t\t\t\t \n\t\t\t\t<\/div>\n\t\t\t\t<div>\n\t\t\t\t\t<a href=\"https:\/\/elarfero.be\/es\/woning\/1539568_adosado-ciudad-quesada\" class=\"alpha-thumb-link alpha-hover-link\" target=\"\">\n\t\t\t\t\t<span class=\" thumbnail\"><img decoding=\"async\" src=\"https:\/\/villasamarillas.com\/media\/images\/properties\/o_1jmnmv2kn1f2810091rkv1uul1oib2e.jpeg\" class=\"thumbnail\" style=\"\" alt=\"\" title=\"\"><\/span>\n\t\t\t\t\t<\/a>\n\t\t\t\t<\/div>\n\t\t\t\t<div class=\"result-details align-center\">\n\t\t\t\t\t<h3><span class=\"town focusicons-colour\">Ciudad Quesada<\/span><br><span class=\"type focusicons-colour\">Adosado<\/span><\/h3>\n\t\t\t\t\t<p>Ref: <span class=\"reference \">VA5408<\/span><\/p>\n\t\t\t\t\t<h3><span class=\"price focusicons-colour\">195.000\u20ac<\/span><\/h3>\n\t\t\t\t\t\t<div class=\"alpha-icons black-text border-top border-bottom align-center\">\t\t\t\t\t\t\t\n\t\t\t\t\t\t\t<span class=\"bedrooms \">2<\/span>\n\t\t\t\t\t\t\t<span class=\"bathrooms \">1<\/span>\n\t\t\t\t\t\t\t\n\t\t\t\t\t\t\t<span class=\"build_area \">98m&sup2;<\/span>\t\t\t\t\t\t \n\t\t\t\t\t\t<\/div>\n\t\t\t\t<\/div>\t\t\t\t\n\t\t\t\t<div class=\"results-buttons align-center\">\n\t\t\t\t\t<a href=\"https:\/\/elarfero.be\/es\/woning\/1539568_adosado-ciudad-quesada\" class=\"button read_more\" target=\"\">Leer m\u00e1s\u2026<\/a>\n\t\t\t\t<\/div>\n\t\t\t<\/div>\n\t\t\n\t\t\t<div class=\"columns shadow alpha-results\">\n\t\t\t\t<div class=\"alpha-flash\"> \n\t\t\t\t\t\n\t\t\t\t\t\n\t\t\t\t\t \n\t\t\t\t<\/div>\n\t\t\t\t<div>\n\t\t\t\t\t<a href=\"https:\/\/elarfero.be\/es\/woning\/1539569_apartamento-ciudad-quesada\" class=\"alpha-thumb-link alpha-hover-link\" target=\"\">\n\t\t\t\t\t<span class=\" thumbnail\"><img decoding=\"async\" src=\"https:\/\/villasamarillas.com\/media\/images\/properties\/o_1jmntpheihmh1gl01vreakuht03q.jpg\" class=\"thumbnail\" style=\"\" alt=\"\" title=\"\"><\/span>\n\t\t\t\t\t<\/a>\n\t\t\t\t<\/div>\n\t\t\t\t<div class=\"result-details align-center\">\n\t\t\t\t\t<h3><span class=\"town focusicons-colour\">Ciudad Quesada<\/span><br><span class=\"type focusicons-colour\">Apartamento<\/span><\/h3>\n\t\t\t\t\t<p>Ref: <span class=\"reference \">VA 5405<\/span><\/p>\n\t\t\t\t\t<h3><span class=\"price focusicons-colour\">149.000\u20ac<\/span><\/h3>\n\t\t\t\t\t\t<div class=\"alpha-icons black-text border-top border-bottom align-center\">\t\t\t\t\t\t\t\n\t\t\t\t\t\t\t<span class=\"bedrooms \">2<\/span>\n\t\t\t\t\t\t\t<span class=\"bathrooms \">2<\/span>\n\t\t\t\t\t\t\t\n\t\t\t\t\t\t\t<span class=\"build_area \">145m&sup2;<\/span>\t\t\t\t\t\t \n\t\t\t\t\t\t<\/div>\n\t\t\t\t<\/div>\t\t\t\t\n\t\t\t\t<div class=\"results-buttons align-center\">\n\t\t\t\t\t<a href=\"https:\/\/elarfero.be\/es\/woning\/1539569_apartamento-ciudad-quesada\" class=\"button read_more\" target=\"\">Leer m\u00e1s\u2026<\/a>\n\t\t\t\t<\/div>\n\t\t\t<\/div>\n\t\t\n\t\t\t<div class=\"columns shadow alpha-results\">\n\t\t\t\t<div class=\"alpha-flash\"> \n\t\t\t\t\t\n\t\t\t\t\t\n\t\t\t\t\t \n\t\t\t\t<\/div>\n\t\t\t\t<div>\n\t\t\t\t\t<a href=\"https:\/\/elarfero.be\/es\/woning\/1539566_apartamento-orihuela-costa\" class=\"alpha-thumb-link alpha-hover-link\" target=\"\">\n\t\t\t\t\t<span class=\" thumbnail\"><img decoding=\"async\" src=\"https:\/\/costagroupestates.com\/media\/images\/properties\/o_1jmmc4u971jm8tqc18er1hhd1s753a.jpg\" class=\"thumbnail\" style=\"\" alt=\"\" title=\"\"><\/span>\n\t\t\t\t\t<\/a>\n\t\t\t\t<\/div>\n\t\t\t\t<div class=\"result-details align-center\">\n\t\t\t\t\t<h3><span class=\"town focusicons-colour\">Orihuela Costa<\/span><br><span class=\"type focusicons-colour\">Apartamento<\/span><\/h3>\n\t\t\t\t\t<p>Ref: <span class=\"reference \">cbwW-685<\/span><\/p>\n\t\t\t\t\t<h3><span class=\"price focusicons-colour\">285.000\u20ac<\/span><\/h3>\n\t\t\t\t\t\t<div class=\"alpha-icons black-text border-top border-bottom align-center\">\t\t\t\t\t\t\t\n\t\t\t\t\t\t\t<span class=\"bedrooms \">2<\/span>\n\t\t\t\t\t\t\t<span class=\"bathrooms \">2<\/span>\n\t\t\t\t\t\t\t\n\t\t\t\t\t\t\t<span class=\"build_area \">65m&sup2;<\/span>\t\t\t\t\t\t \n\t\t\t\t\t\t<\/div>\n\t\t\t\t<\/div>\t\t\t\t\n\t\t\t\t<div class=\"results-buttons align-center\">\n\t\t\t\t\t<a href=\"https:\/\/elarfero.be\/es\/woning\/1539566_apartamento-orihuela-costa\" class=\"button read_more\" target=\"\">Leer m\u00e1s\u2026<\/a>\n\t\t\t\t<\/div>\n\t\t\t<\/div>\n\t\t\n\t<\/div>\n\n<style>\n@media screen and (min-width: 670px) {\n\t.two-columns, .four-columns, .three-columns, .columns.row {\n\t\tdisplay: flex;\n\t\tflex-wrap: wrap;\n\t}\n\t.columns.one-fourth, .four-columns > .columns {\n\t\twidth: 24%;\n\t\tmargin-right: 1.33%;\n\t}\n\t.columns.one-half, .two-columns > .columns {\n\t\twidth: 49%;\n\t\tmargin-right: 2%;\n\t}\n}\n@media screen and (min-width: 671px) and (max-width: 899px) {\n\t.two-columns, .four-columns, .three-columns, .columns.row {\n\t\tdisplay: flex;\n\t\tflex-wrap: wrap;\n\t}\n\t.four-columns > .columns {\n\t\twidth: 48%;\n\t\tmargin-right: 2%;\n\t}\n\t.three-columns > .columns {\n    width: 49%;\n    margin-right: 1%;\n\t}\n\t.three-columns > .columns:nth-of-type(3n) {\n    margin-right: auto;\n\t}\n}\n<\/style>\n\n<\/div>\n\t\t\t\t\t\t<\/div>\n\t\t\t\t<\/div>\n\t\t\t\t\t<\/div>\n\t\t<\/div>\n\t\t\t\t\t<\/div>\n\t\t<\/section>\n\t\t\t\t<\/div>\n\t\t","protected":false},"excerpt":{"rendered":"<p>Propiedades B\u00daSQUEDA AVANZADA \u00daltimo a\u00f1adido<\/p>\n","protected":false},"author":2,"featured_media":0,"parent":0,"menu_order":0,"comment_status":"closed","ping_status":"closed","template":"elementor_header_footer","meta":{"_acf_changed":false,"footnotes":""},"class_list":["post-8975","page","type-page","status-publish","hentry"],"acf":[],"_links":{"self":[{"href":"https:\/\/elarfero.be\/es\/wp-json\/wp\/v2\/pages\/8975","targetHints":{"allow":["GET"]}}],"collection":[{"href":"https:\/\/elarfero.be\/es\/wp-json\/wp\/v2\/pages"}],"about":[{"href":"https:\/\/elarfero.be\/es\/wp-json\/wp\/v2\/types\/page"}],"author":[{"embeddable":true,"href":"https:\/\/elarfero.be\/es\/wp-json\/wp\/v2\/users\/2"}],"replies":[{"embeddable":true,"href":"https:\/\/elarfero.be\/es\/wp-json\/wp\/v2\/comments?post=8975"}],"version-history":[{"count":0,"href":"https:\/\/elarfero.be\/es\/wp-json\/wp\/v2\/pages\/8975\/revisions"}],"wp:attachment":[{"href":"https:\/\/elarfero.be\/es\/wp-json\/wp\/v2\/media?parent=8975"}],"curies":[{"name":"wp","href":"https:\/\/api.w.org\/{rel}","templated":true}]}}