{"id":8877,"date":"2022-12-15T16:13:00","date_gmt":"2022-12-15T15:13:00","guid":{"rendered":"https:\/\/elarfero.be\/a-propos-de-nous\/"},"modified":"2025-07-29T14:49:11","modified_gmt":"2025-07-29T13:49:11","slug":"a-propos-de-nous","status":"publish","type":"page","link":"https:\/\/elarfero.be\/fr\/a-propos-de-nous\/","title":{"rendered":"A propos de nous"},"content":{"rendered":"\t\t<div data-elementor-type=\"wp-page\" data-elementor-id=\"8877\" class=\"elementor elementor-8877 elementor-478\" data-elementor-post-type=\"page\">\n\t\t\t\t\t\t<section class=\"elementor-section elementor-top-section elementor-element elementor-element-9ec0f10 elementor-section-height-min-height elementor-section-boxed elementor-section-height-default elementor-section-items-middle\" data-id=\"9ec0f10\" data-element_type=\"section\" data-settings=\"{&quot;jet_parallax_layout_list&quot;:[],&quot;background_background&quot;:&quot;classic&quot;}\">\n\t\t\t\t\t\t\t<div class=\"elementor-background-overlay\"><\/div>\n\t\t\t\t\t\t\t<div class=\"elementor-container elementor-column-gap-default\">\n\t\t\t\t\t<div class=\"elementor-column elementor-col-100 elementor-top-column elementor-element elementor-element-9fe089d\" data-id=\"9fe089d\" data-element_type=\"column\">\n\t\t\t<div class=\"elementor-widget-wrap\">\n\t\t\t\t\t\t\t<\/div>\n\t\t<\/div>\n\t\t\t\t\t<\/div>\n\t\t<\/section>\n\t\t\t\t<section class=\"elementor-section elementor-top-section elementor-element elementor-element-b10e6e0 elementor-section-boxed elementor-section-height-default elementor-section-height-default\" data-id=\"b10e6e0\" data-element_type=\"section\" data-settings=\"{&quot;jet_parallax_layout_list&quot;:[]}\">\n\t\t\t\t\t\t<div class=\"elementor-container elementor-column-gap-default\">\n\t\t\t\t\t<div class=\"elementor-column elementor-col-100 elementor-top-column elementor-element elementor-element-9613f61\" data-id=\"9613f61\" data-element_type=\"column\" data-settings=\"{&quot;background_background&quot;:&quot;classic&quot;}\">\n\t\t\t<div class=\"elementor-widget-wrap elementor-element-populated\">\n\t\t\t\t\t\t<div class=\"elementor-element elementor-element-c106b3c prue elementor-widget elementor-widget-heading\" data-id=\"c106b3c\" data-element_type=\"widget\" data-widget_type=\"heading.default\">\n\t\t\t\t<div class=\"elementor-widget-container\">\n\t\t\t\t\t<h1 class=\"elementor-heading-title elementor-size-default\">A propos de nous<\/h1>\t\t\t\t<\/div>\n\t\t\t\t<\/div>\n\t\t\t\t<div class=\"elementor-element elementor-element-0ff1b6b prue elementor-widget elementor-widget-heading\" data-id=\"0ff1b6b\" data-element_type=\"widget\" data-widget_type=\"heading.default\">\n\t\t\t\t<div class=\"elementor-widget-container\">\n\t\t\t\t\t<h2 class=\"elementor-heading-title elementor-size-default\">EL Arfero, votre sp\u00e9cialiste de l'immobilier sur les costas<\/h2>\t\t\t\t<\/div>\n\t\t\t\t<\/div>\n\t\t\t\t<div class=\"elementor-element elementor-element-9573a4a elementor-widget__width-auto elementor-widget elementor-widget-shortcode\" data-id=\"9573a4a\" data-element_type=\"widget\" data-widget_type=\"shortcode.default\">\n\t\t\t\t<div class=\"elementor-widget-container\">\n\t\t\t\t\t\t\t<div class=\"elementor-shortcode\"><nav aria-label=\"breadcrumbs\" class=\"rank-math-breadcrumb\"><p><span class=\"last\">Home<\/span><\/p><\/nav><\/div>\n\t\t\t\t\t\t<\/div>\n\t\t\t\t<\/div>\n\t\t\t\t\t<\/div>\n\t\t<\/div>\n\t\t\t\t\t<\/div>\n\t\t<\/section>\n\t\t\t\t<section class=\"elementor-section elementor-top-section elementor-element elementor-element-4374751 elementor-section-boxed elementor-section-height-default elementor-section-height-default\" data-id=\"4374751\" data-element_type=\"section\" data-settings=\"{&quot;jet_parallax_layout_list&quot;:[]}\">\n\t\t\t\t\t\t<div class=\"elementor-container elementor-column-gap-default\">\n\t\t\t\t\t<div class=\"elementor-column elementor-col-100 elementor-top-column elementor-element elementor-element-1a4bdaa\" data-id=\"1a4bdaa\" data-element_type=\"column\">\n\t\t\t<div class=\"elementor-widget-wrap elementor-element-populated\">\n\t\t\t\t\t\t<div class=\"elementor-element elementor-element-727bb50 elementor-widget elementor-widget-text-editor\" data-id=\"727bb50\" data-element_type=\"widget\" data-widget_type=\"text-editor.default\">\n\t\t\t\t<div class=\"elementor-widget-container\">\n\t\t\t\t\t\t\t\t\t<p><b>\u00c0 propos de EL Arfero &#8211; Votre agence immobili\u00e8re sur la Costa Blanca et la Costa Calida. <\/b><span style=\"font-weight: 400;\">EL Arfero, votre agence immobili\u00e8re situ\u00e9e \u00e0 Algorfa, Alicante. Nous vous souhaitons la bienvenue dans la belle Espagne, o\u00f9 vous pourrez profiter d&#8217;un climat chaud, de belles plages et, enfin et surtout, de la cuisine espagnole. EL Arfero est une entreprise qui est synonyme de service bon, honn\u00eate, professionnel et correct. Tous nos sp\u00e9cialistes de l&#8217;immobilier vous accueilleront avec le sourire et s&#8217;occuperont de votre achat, \u00e0 tout prix, mais nous ne nous arr\u00eatons pas l\u00e0. M\u00eame apr\u00e8s votre achat, EL Arfero est pr\u00eat \u00e0 vous aider et \u00e0 vous guider. Nous sommes l\u00e0 pour faire de l&#8217;achat de votre villa, appartement, duplex, maison de ville, finca ou peut-\u00eatre m\u00eame propri\u00e9t\u00e9 commerciale une exp\u00e9rience agr\u00e9able.<\/span><\/p><p><span style=\"font-weight: 400;\">Acheter une propri\u00e9t\u00e9 sur la Costa Blanca ou la Costa Calida peut \u00eatre un processus intimidant, avec de nombreuses questions et de nombreux doutes. C&#8217;est pourquoi les agents immobiliers de EL Arfero sont pr\u00eats \u00e0 vous aider ! Nous vous trouverons la propri\u00e9t\u00e9 id\u00e9ale qui vous convient. Une fois que nous avons trouv\u00e9 une propri\u00e9t\u00e9 pour vous, notre travail ne s&#8217;arr\u00eate pas, nous allons n\u00e9gocier le prix et commencer la paperasserie et contacter l&#8217;avocat pour v\u00e9rifier tout ce qui concerne la propri\u00e9t\u00e9 pour la l\u00e9galit\u00e9 et les dettes en suspens. Nos sp\u00e9cialistes de l&#8217;immobilier travaillent en \u00e9troite collaboration avec d&#8217;excellents repr\u00e9sentants juridiques pour aider nos clients pendant le processus d&#8217;achat. Ils montreront \u00e9galement leur expertise et donneront des conseils concernant les imp\u00f4ts, les visas, les testaments et toute autre question juridique.<\/span><\/p>\t\t\t\t\t\t\t\t<\/div>\n\t\t\t\t<\/div>\n\t\t\t\t\t<\/div>\n\t\t<\/div>\n\t\t\t\t\t<\/div>\n\t\t<\/section>\n\t\t\t\t<section class=\"elementor-section elementor-top-section elementor-element elementor-element-fc7de54 elementor-section-boxed elementor-section-height-default elementor-section-height-default\" data-id=\"fc7de54\" data-element_type=\"section\" data-settings=\"{&quot;jet_parallax_layout_list&quot;:[],&quot;background_background&quot;:&quot;classic&quot;}\">\n\t\t\t\t\t\t<div class=\"elementor-container elementor-column-gap-default\">\n\t\t\t\t\t<div class=\"elementor-column elementor-col-50 elementor-top-column elementor-element elementor-element-ad18a70\" data-id=\"ad18a70\" data-element_type=\"column\" data-settings=\"{&quot;background_background&quot;:&quot;classic&quot;}\">\n\t\t\t<div class=\"elementor-widget-wrap elementor-element-populated\">\n\t\t\t\t\t\t<div class=\"elementor-element elementor-element-b55cee7 elementor-widget elementor-widget-image\" data-id=\"b55cee7\" data-element_type=\"widget\" data-widget_type=\"image.default\">\n\t\t\t\t<div class=\"elementor-widget-container\">\n\t\t\t\t\t\t\t\t\t\t\t\t\t\t\t<img fetchpriority=\"high\" decoding=\"async\" width=\"894\" height=\"894\" src=\"https:\/\/elarfero.be\/wp-content\/uploads\/2023\/01\/JURGEN-e1673520910546.jpg\" class=\"attachment-full size-full wp-image-8424\" alt=\"\" srcset=\"https:\/\/elarfero.be\/wp-content\/uploads\/2023\/01\/JURGEN-e1673520910546.jpg 894w, https:\/\/elarfero.be\/wp-content\/uploads\/2023\/01\/JURGEN-e1673520910546-300x300.jpg 300w, https:\/\/elarfero.be\/wp-content\/uploads\/2023\/01\/JURGEN-e1673520910546-150x150.jpg 150w, https:\/\/elarfero.be\/wp-content\/uploads\/2023\/01\/JURGEN-e1673520910546-768x768.jpg 768w\" sizes=\"(max-width: 894px) 100vw, 894px\" title=\"\">\t\t\t\t\t\t\t\t\t\t\t\t\t\t\t<\/div>\n\t\t\t\t<\/div>\n\t\t\t\t\t<\/div>\n\t\t<\/div>\n\t\t\t\t<div class=\"elementor-column elementor-col-50 elementor-top-column elementor-element elementor-element-878fe5f\" data-id=\"878fe5f\" data-element_type=\"column\" data-settings=\"{&quot;background_background&quot;:&quot;classic&quot;}\">\n\t\t\t<div class=\"elementor-widget-wrap elementor-element-populated\">\n\t\t\t\t\t\t<div class=\"elementor-element elementor-element-755903f elementor-widget elementor-widget-text-editor\" data-id=\"755903f\" data-element_type=\"widget\" data-widget_type=\"text-editor.default\">\n\t\t\t\t<div class=\"elementor-widget-container\">\n\t\t\t\t\t\t\t\t\t<p> Je suis Jurgen de Rijcke, le fondateur de EL Arfero. Avec mon \u00e9quipe professionnelle, nous sommes les piliers de l&#8217;agence immobili\u00e8re EL Arfero dans une Espagne ensoleill\u00e9e. Gr\u00e2ce aux ann\u00e9es d&#8217;exp\u00e9rience en immobilier international de toute l&#8217;\u00e9quipe, nous sommes donc \u00e0 100% au service de nos clients souhaitant acheter une propri\u00e9t\u00e9 sur la Costa Blanca, Costa Calida ou Costa del Sol. Des maisons neuves \u00e0 votre villa enti\u00e8rement personnalis\u00e9e, nous avons tout ce qu&#8217;il faut pour vous aider ! M\u00eame pour les propri\u00e9t\u00e9s en revente dans une Espagne ensoleill\u00e9e, nous disposons d&#8217;un vaste r\u00e9seau de propri\u00e9taires et de coll\u00e8gues agents immobiliers pour trouver la maison de vos r\u00eaves ! Faites-nous savoir \u00e0 quoi ressemble votre maison de r\u00eave espagnole et nous la trouverons pour vous !<\/p>\t\t\t\t\t\t\t\t<\/div>\n\t\t\t\t<\/div>\n\t\t\t\t\t<\/div>\n\t\t<\/div>\n\t\t\t\t\t<\/div>\n\t\t<\/section>\n\t\t\t\t<section class=\"elementor-section elementor-top-section elementor-element elementor-element-32e11a6 elementor-section-full_width elementor-section-height-default elementor-section-height-default\" data-id=\"32e11a6\" data-element_type=\"section\" data-settings=\"{&quot;jet_parallax_layout_list&quot;:[],&quot;background_background&quot;:&quot;classic&quot;}\">\n\t\t\t\t\t\t<div class=\"elementor-container elementor-column-gap-default\">\n\t\t\t\t\t<div class=\"elementor-column elementor-col-33 elementor-top-column elementor-element elementor-element-2a31316 elementor-hidden-mobile\" data-id=\"2a31316\" data-element_type=\"column\">\n\t\t\t<div class=\"elementor-widget-wrap elementor-element-populated\">\n\t\t\t\t\t\t<div class=\"elementor-element elementor-element-6d0c164 elementor-widget-divider--view-line elementor-widget elementor-widget-divider\" data-id=\"6d0c164\" data-element_type=\"widget\" data-widget_type=\"divider.default\">\n\t\t\t\t<div class=\"elementor-widget-container\">\n\t\t\t\t\t\t\t<div class=\"elementor-divider\">\n\t\t\t<span class=\"elementor-divider-separator\">\n\t\t\t\t\t\t<\/span>\n\t\t<\/div>\n\t\t\t\t\t\t<\/div>\n\t\t\t\t<\/div>\n\t\t\t\t\t<\/div>\n\t\t<\/div>\n\t\t\t\t<div class=\"elementor-column elementor-col-33 elementor-top-column elementor-element elementor-element-adf2da1\" data-id=\"adf2da1\" data-element_type=\"column\">\n\t\t\t<div class=\"elementor-widget-wrap elementor-element-populated\">\n\t\t\t\t\t\t<div class=\"elementor-element elementor-element-9c916e6 prue elementor-widget elementor-widget-heading\" data-id=\"9c916e6\" data-element_type=\"widget\" data-widget_type=\"heading.default\">\n\t\t\t\t<div class=\"elementor-widget-container\">\n\t\t\t\t\t<h2 class=\"elementor-heading-title elementor-size-default\">Les enfants<\/h2>\t\t\t\t<\/div>\n\t\t\t\t<\/div>\n\t\t\t\t\t<\/div>\n\t\t<\/div>\n\t\t\t\t<div class=\"elementor-column elementor-col-33 elementor-top-column elementor-element elementor-element-f8048a5 elementor-hidden-mobile\" data-id=\"f8048a5\" data-element_type=\"column\" data-settings=\"{&quot;background_background&quot;:&quot;classic&quot;}\">\n\t\t\t<div class=\"elementor-widget-wrap elementor-element-populated\">\n\t\t\t\t\t\t<div class=\"elementor-element elementor-element-d8dcda4 elementor-widget-divider--view-line elementor-widget elementor-widget-divider\" data-id=\"d8dcda4\" data-element_type=\"widget\" data-widget_type=\"divider.default\">\n\t\t\t\t<div class=\"elementor-widget-container\">\n\t\t\t\t\t\t\t<div class=\"elementor-divider\">\n\t\t\t<span class=\"elementor-divider-separator\">\n\t\t\t\t\t\t<\/span>\n\t\t<\/div>\n\t\t\t\t\t\t<\/div>\n\t\t\t\t<\/div>\n\t\t\t\t\t<\/div>\n\t\t<\/div>\n\t\t\t\t\t<\/div>\n\t\t<\/section>\n\t\t\t\t<section class=\"elementor-section elementor-top-section elementor-element elementor-element-a4c4f15 elementor-section-boxed elementor-section-height-default elementor-section-height-default\" data-id=\"a4c4f15\" data-element_type=\"section\" data-settings=\"{&quot;jet_parallax_layout_list&quot;:[],&quot;background_background&quot;:&quot;classic&quot;}\">\n\t\t\t\t\t\t<div class=\"elementor-container elementor-column-gap-default\">\n\t\t\t\t\t<div class=\"elementor-column elementor-col-50 elementor-top-column elementor-element elementor-element-43c57db\" data-id=\"43c57db\" data-element_type=\"column\">\n\t\t\t<div class=\"elementor-widget-wrap elementor-element-populated\">\n\t\t\t\t\t\t<div class=\"elementor-element elementor-element-d3d8096 elementor-widget elementor-widget-image\" data-id=\"d3d8096\" data-element_type=\"widget\" data-widget_type=\"image.default\">\n\t\t\t\t<div class=\"elementor-widget-container\">\n\t\t\t\t\t\t\t\t\t\t\t\t\t\t\t<img decoding=\"async\" width=\"2016\" height=\"997\" src=\"https:\/\/elarfero.be\/wp-content\/uploads\/2023\/01\/WhatsApp-Image-2023-01-17-at-18.12.11-e1674046326101.jpeg\" class=\"attachment-full size-full wp-image-8475\" alt=\"\" srcset=\"https:\/\/elarfero.be\/wp-content\/uploads\/2023\/01\/WhatsApp-Image-2023-01-17-at-18.12.11-e1674046326101.jpeg 2016w, https:\/\/elarfero.be\/wp-content\/uploads\/2023\/01\/WhatsApp-Image-2023-01-17-at-18.12.11-e1674046326101-300x148.jpeg 300w, https:\/\/elarfero.be\/wp-content\/uploads\/2023\/01\/WhatsApp-Image-2023-01-17-at-18.12.11-e1674046326101-1024x506.jpeg 1024w, https:\/\/elarfero.be\/wp-content\/uploads\/2023\/01\/WhatsApp-Image-2023-01-17-at-18.12.11-e1674046326101-768x380.jpeg 768w, https:\/\/elarfero.be\/wp-content\/uploads\/2023\/01\/WhatsApp-Image-2023-01-17-at-18.12.11-e1674046326101-1536x760.jpeg 1536w\" sizes=\"(max-width: 2016px) 100vw, 2016px\" title=\"\">\t\t\t\t\t\t\t\t\t\t\t\t\t\t\t<\/div>\n\t\t\t\t<\/div>\n\t\t\t\t\t<\/div>\n\t\t<\/div>\n\t\t\t\t<div class=\"elementor-column elementor-col-50 elementor-top-column elementor-element elementor-element-64cdece\" data-id=\"64cdece\" data-element_type=\"column\">\n\t\t\t<div class=\"elementor-widget-wrap elementor-element-populated\">\n\t\t\t\t\t\t<div class=\"elementor-element elementor-element-106d696 elementor-widget elementor-widget-image\" data-id=\"106d696\" data-element_type=\"widget\" data-widget_type=\"image.default\">\n\t\t\t\t<div class=\"elementor-widget-container\">\n\t\t\t\t\t\t\t\t\t\t\t\t\t\t\t<img decoding=\"async\" width=\"2560\" height=\"1999\" src=\"https:\/\/elarfero.be\/wp-content\/uploads\/2025\/03\/kantoor-quesada-scaled.jpg\" class=\"attachment-full size-full wp-image-14341\" alt=\"\" srcset=\"https:\/\/elarfero.be\/wp-content\/uploads\/2025\/03\/kantoor-quesada-scaled.jpg 2560w, https:\/\/elarfero.be\/wp-content\/uploads\/2025\/03\/kantoor-quesada-300x234.jpg 300w, https:\/\/elarfero.be\/wp-content\/uploads\/2025\/03\/kantoor-quesada-1024x800.jpg 1024w, https:\/\/elarfero.be\/wp-content\/uploads\/2025\/03\/kantoor-quesada-768x600.jpg 768w, https:\/\/elarfero.be\/wp-content\/uploads\/2025\/03\/kantoor-quesada-1536x1200.jpg 1536w, https:\/\/elarfero.be\/wp-content\/uploads\/2025\/03\/kantoor-quesada-2048x1599.jpg 2048w\" sizes=\"(max-width: 2560px) 100vw, 2560px\" title=\"\">\t\t\t\t\t\t\t\t\t\t\t\t\t\t\t<\/div>\n\t\t\t\t<\/div>\n\t\t\t\t\t<\/div>\n\t\t<\/div>\n\t\t\t\t\t<\/div>\n\t\t<\/section>\n\t\t\t\t<section class=\"elementor-section elementor-top-section elementor-element elementor-element-21eee20 elementor-section-boxed elementor-section-height-default elementor-section-height-default\" data-id=\"21eee20\" data-element_type=\"section\" data-settings=\"{&quot;jet_parallax_layout_list&quot;:[]}\">\n\t\t\t\t\t\t<div class=\"elementor-container elementor-column-gap-default\">\n\t\t\t\t\t<div class=\"elementor-column elementor-col-100 elementor-top-column elementor-element elementor-element-c27c253\" data-id=\"c27c253\" data-element_type=\"column\">\n\t\t\t<div class=\"elementor-widget-wrap elementor-element-populated\">\n\t\t\t\t\t\t<div class=\"elementor-element elementor-element-8f3e43f prue elementor-hidden-mobile elementor-widget elementor-widget-heading\" data-id=\"8f3e43f\" data-element_type=\"widget\" data-widget_type=\"heading.default\">\n\t\t\t\t<div class=\"elementor-widget-container\">\n\t\t\t\t\t<h2 class=\"elementor-heading-title elementor-size-default\">EL Arfero, votre agent immobilier de confiance en Espagne vous offre<\/h2>\t\t\t\t<\/div>\n\t\t\t\t<\/div>\n\t\t\t\t<div class=\"elementor-element elementor-element-3c3ee59 prue elementor-hidden-desktop elementor-hidden-tablet elementor-widget elementor-widget-heading\" data-id=\"3c3ee59\" data-element_type=\"widget\" data-widget_type=\"heading.default\">\n\t\t\t\t<div class=\"elementor-widget-container\">\n\t\t\t\t\t<h2 class=\"elementor-heading-title elementor-size-default\">EL Arfero, <br>votre agent immobilier de confiance en Espagne vous propose<\/h2>\t\t\t\t<\/div>\n\t\t\t\t<\/div>\n\t\t\t\t\t<\/div>\n\t\t<\/div>\n\t\t\t\t\t<\/div>\n\t\t<\/section>\n\t\t\t\t<section class=\"elementor-section elementor-top-section elementor-element elementor-element-2a7b2d0 elementor-section-boxed elementor-section-height-default elementor-section-height-default\" data-id=\"2a7b2d0\" data-element_type=\"section\" data-settings=\"{&quot;jet_parallax_layout_list&quot;:[]}\">\n\t\t\t\t\t\t<div class=\"elementor-container elementor-column-gap-default\">\n\t\t\t\t\t<div class=\"elementor-column elementor-col-50 elementor-top-column elementor-element elementor-element-14574f0\" data-id=\"14574f0\" data-element_type=\"column\">\n\t\t\t<div class=\"elementor-widget-wrap elementor-element-populated\">\n\t\t\t\t\t\t<div class=\"elementor-element elementor-element-05db9f2 prue elementor-widget elementor-widget-heading\" data-id=\"05db9f2\" data-element_type=\"widget\" data-widget_type=\"heading.default\">\n\t\t\t\t<div class=\"elementor-widget-container\">\n\t\t\t\t\t<h2 class=\"elementor-heading-title elementor-size-default\">Maisons de revente<\/h2>\t\t\t\t<\/div>\n\t\t\t\t<\/div>\n\t\t\t\t<div class=\"elementor-element elementor-element-7588081 elementor-widget elementor-widget-text-editor\" data-id=\"7588081\" data-element_type=\"widget\" data-widget_type=\"text-editor.default\">\n\t\t\t\t<div class=\"elementor-widget-container\">\n\t\t\t\t\t\t\t\t\t<p><span style=\"font-weight: 400;\">\u00c0 travers la Costa Blanca et la Costa Calida. Mais aussi dans des endroits tr\u00e8s populaires comme Ciudad Quesada, Rojales, Benijofar, Benimar, Orihuela Costa, La Zenia, Campoamor, Playa Flamenca, Cabo Roig, Pilar de Horadada, Torre de la Horadada, Mil Palmeras, Torrevieja, Punta Prima, Los Balcones, La Mata, Santa Pola, Benidorm, Altea, Finestrat, Polop, Alfaz del Pi et bien d&#8217;autres encore. Nous sommes heureux de vous aider \u00e0 trouver la maison de vos r\u00eaves. Dans notre portefeuille, vous trouverez tous les types de propri\u00e9t\u00e9s possibles aux meilleurs prix : appartements, penthouses, bungalows, villas, duplex, maisons de ville, fincas, terrains et propri\u00e9t\u00e9s commerciales.<\/span><\/p>\t\t\t\t\t\t\t\t<\/div>\n\t\t\t\t<\/div>\n\t\t\t\t\t<\/div>\n\t\t<\/div>\n\t\t\t\t<div class=\"elementor-column elementor-col-50 elementor-top-column elementor-element elementor-element-2d7753b\" data-id=\"2d7753b\" data-element_type=\"column\">\n\t\t\t<div class=\"elementor-widget-wrap elementor-element-populated\">\n\t\t\t\t\t\t<div class=\"elementor-element elementor-element-d147b97 prue elementor-widget elementor-widget-heading\" data-id=\"d147b97\" data-element_type=\"widget\" data-widget_type=\"heading.default\">\n\t\t\t\t<div class=\"elementor-widget-container\">\n\t\t\t\t\t<h2 class=\"elementor-heading-title elementor-size-default\">Nouveaux d\u00e9veloppements en mati\u00e8re de logement<\/h2>\t\t\t\t<\/div>\n\t\t\t\t<\/div>\n\t\t\t\t<div class=\"elementor-element elementor-element-37aa89f elementor-widget elementor-widget-text-editor\" data-id=\"37aa89f\" data-element_type=\"widget\" data-widget_type=\"text-editor.default\">\n\t\t\t\t<div class=\"elementor-widget-container\">\n\t\t\t\t\t\t\t\t\t<p><span style=\"font-weight: 400;\">Nos clients locaux et \u00e9trangers montrent un int\u00e9r\u00eat croissant pour les nouveaux projets de construction. Nous sommes heureux d&#8217;offrir un tr\u00e8s large \u00e9ventail de propri\u00e9t\u00e9s nouvellement construites. EL Arfero travaille avec la plupart des promoteurs locaux et fiables et peut donc offrir des conseils et un soutien professionnels tout au long du processus d&#8217;achat et de construction.<\/span><\/p>\t\t\t\t\t\t\t\t<\/div>\n\t\t\t\t<\/div>\n\t\t\t\t\t<\/div>\n\t\t<\/div>\n\t\t\t\t\t<\/div>\n\t\t<\/section>\n\t\t\t\t<section class=\"elementor-section elementor-top-section elementor-element elementor-element-80388d9 elementor-section-boxed elementor-section-height-default elementor-section-height-default\" data-id=\"80388d9\" data-element_type=\"section\" data-settings=\"{&quot;jet_parallax_layout_list&quot;:[]}\">\n\t\t\t\t\t\t<div class=\"elementor-container elementor-column-gap-default\">\n\t\t\t\t\t<div class=\"elementor-column elementor-col-50 elementor-top-column elementor-element elementor-element-b8ca34e\" data-id=\"b8ca34e\" data-element_type=\"column\">\n\t\t\t<div class=\"elementor-widget-wrap elementor-element-populated\">\n\t\t\t\t\t\t<div class=\"elementor-element elementor-element-6154b81 prue elementor-widget elementor-widget-heading\" data-id=\"6154b81\" data-element_type=\"widget\" data-widget_type=\"heading.default\">\n\t\t\t\t<div class=\"elementor-widget-container\">\n\t\t\t\t\t<h2 class=\"elementor-heading-title elementor-size-default\">Propri\u00e9t\u00e9s de luxe<\/h2>\t\t\t\t<\/div>\n\t\t\t\t<\/div>\n\t\t\t\t<div class=\"elementor-element elementor-element-c4516ff elementor-widget elementor-widget-text-editor\" data-id=\"c4516ff\" data-element_type=\"widget\" data-widget_type=\"text-editor.default\">\n\t\t\t\t<div class=\"elementor-widget-container\">\n\t\t\t\t\t\t\t\t\t<p><span style=\"font-weight: 400;\">Nous proposons \u00e9galement des propri\u00e9t\u00e9s de luxe construites selon les normes de qualit\u00e9, les sp\u00e9cifications et les exigences les plus \u00e9lev\u00e9es. Des penthouses exclusifs aux villas de plage ou de golf. Gr\u00e2ce \u00e0 nos ann\u00e9es d&#8217;exp\u00e9rience et de d\u00e9vouement \u00e0 l&#8217;immobilier sur la Costa Blanca et la Costa Calida, nous avons acc\u00e8s \u00e0 de tr\u00e8s nombreuses propri\u00e9t\u00e9s exclusives.<\/span><\/p>\t\t\t\t\t\t\t\t<\/div>\n\t\t\t\t<\/div>\n\t\t\t\t\t<\/div>\n\t\t<\/div>\n\t\t\t\t<div class=\"elementor-column elementor-col-50 elementor-top-column elementor-element elementor-element-9fd29dc\" data-id=\"9fd29dc\" data-element_type=\"column\">\n\t\t\t<div class=\"elementor-widget-wrap elementor-element-populated\">\n\t\t\t\t\t\t<div class=\"elementor-element elementor-element-1f4af41 prue elementor-widget elementor-widget-heading\" data-id=\"1f4af41\" data-element_type=\"widget\" data-widget_type=\"heading.default\">\n\t\t\t\t<div class=\"elementor-widget-container\">\n\t\t\t\t\t<h2 class=\"elementor-heading-title elementor-size-default\">Immeubles de placement<\/h2>\t\t\t\t<\/div>\n\t\t\t\t<\/div>\n\t\t\t\t<div class=\"elementor-element elementor-element-6ba7c86 elementor-widget elementor-widget-text-editor\" data-id=\"6ba7c86\" data-element_type=\"widget\" data-widget_type=\"text-editor.default\">\n\t\t\t\t<div class=\"elementor-widget-container\">\n\t\t\t\t\t\t\t\t\t<p><span style=\"font-weight: 400;\">L&#8217;agence immobili\u00e8re EL Arfero est sp\u00e9cialis\u00e9e dans les propri\u00e9t\u00e9s et les projets, qu&#8217;ils soient r\u00e9sidentiels, touristiques, commerciaux ou industriels. Nous disposons d&#8217;un service \u00e0 360 degr\u00e9s pour guider nos clients dans la recherche d&#8217;un immeuble de placement dans la direction id\u00e9ale. Du d\u00e9but \u00e0 la fin et au-del\u00e0.<\/span><\/p>\t\t\t\t\t\t\t\t<\/div>\n\t\t\t\t<\/div>\n\t\t\t\t\t<\/div>\n\t\t<\/div>\n\t\t\t\t\t<\/div>\n\t\t<\/section>\n\t\t\t\t<\/div>\n\t\t","protected":false},"excerpt":{"rendered":"<p>A propos de nous EL Arfero, votre sp\u00e9cialiste de l&#8217;immobilier sur les costas \u00c0 propos de EL Arfero &#8211; Votre agence immobili\u00e8re sur la Costa Blanca et la Costa Calida. EL Arfero, votre agence immobili\u00e8re situ\u00e9e \u00e0 Algorfa, Alicante. Nous vous souhaitons la bienvenue dans la belle Espagne, o\u00f9 vous pourrez profiter d&#8217;un climat chaud, [&hellip;]<\/p>\n","protected":false},"author":2,"featured_media":0,"parent":0,"menu_order":0,"comment_status":"closed","ping_status":"closed","template":"elementor_header_footer","meta":{"_acf_changed":false,"footnotes":""},"class_list":["post-8877","page","type-page","status-publish","hentry"],"acf":[],"_links":{"self":[{"href":"https:\/\/elarfero.be\/fr\/wp-json\/wp\/v2\/pages\/8877","targetHints":{"allow":["GET"]}}],"collection":[{"href":"https:\/\/elarfero.be\/fr\/wp-json\/wp\/v2\/pages"}],"about":[{"href":"https:\/\/elarfero.be\/fr\/wp-json\/wp\/v2\/types\/page"}],"author":[{"embeddable":true,"href":"https:\/\/elarfero.be\/fr\/wp-json\/wp\/v2\/users\/2"}],"replies":[{"embeddable":true,"href":"https:\/\/elarfero.be\/fr\/wp-json\/wp\/v2\/comments?post=8877"}],"version-history":[{"count":2,"href":"https:\/\/elarfero.be\/fr\/wp-json\/wp\/v2\/pages\/8877\/revisions"}],"predecessor-version":[{"id":16456,"href":"https:\/\/elarfero.be\/fr\/wp-json\/wp\/v2\/pages\/8877\/revisions\/16456"}],"wp:attachment":[{"href":"https:\/\/elarfero.be\/fr\/wp-json\/wp\/v2\/media?parent=8877"}],"curies":[{"name":"wp","href":"https:\/\/api.w.org\/{rel}","templated":true}]}}